{"id":54,"date":"2017-05-11T09:05:12","date_gmt":"2017-05-11T09:05:12","guid":{"rendered":"http:\/\/abencerrajes.com\/?page_id=54"},"modified":"2017-05-15T16:06:18","modified_gmt":"2017-05-15T16:06:18","slug":"historia-1","status":"publish","type":"page","link":"https:\/\/abencerrajes.com\/?page_id=54","title":{"rendered":"Historia"},"content":{"rendered":"<p><strong>HISTORIA DE LA FIL\u00c0 ABENCERRAJES<\/strong><\/p>\n<p><img loading=\"lazy\" class=\"aligncenter size-full wp-image-522\" src=\"https:\/\/abencerrajes.com\/wp-content\/uploads\/2017\/05\/ABENCERRAJES-195x300-1.png\" alt=\"\" width=\"195\" height=\"300\" \/><\/p>\n<p>Esta historia, aunque refleje hechos, causas y cosas sin transcendencia valorable, es de recomendable narraci\u00f3n, siquiera para que las generaciones venideras oteen el pasado y que forma, el presente que ahora mismo disfrutamos y en el futuro; que vean los esfuerzos y sacrificios que han hecho todas las personas que han formado parte de nuestra Fila.<\/p>\n<p>La fundaci\u00f3n:<\/p>\n<p>Corr\u00eda el a\u00f1o primero del siglo XX.<\/p>\n<p>Se formaban planes para creaci\u00f3n de \u00abComparsas\u00bb con modalidades que satisfacieran nuevos gustos y a la cr\u00edtica popular que siempre se presta a la censura.<\/p>\n<p>La sociedad APOLO ten\u00eda candente su ambiente. Surgi\u00f3 algo desagradable para la Corporaci\u00f3n musical \u00abLa Primitiva\u00bb y tanto igual para los socios de la mentada sociedad: La \u00abBanda\u00bb hab\u00eda tenido un altercado con la \u00abComparsa\u00bb a la que ven\u00eda amenizando en fiestas desde varios a\u00f1os. \u00a1Si tuviese APOLO una, no se reir\u00edan de nuestra \u00abM\u00fasica\u00bb!; dec\u00edan los apasionados.<\/p>\n<p>Varios entusiastas tomaron la iniciativa y encargaron hacer el boceto para una del Bando moro; poco se tard\u00f3 en realizar el prop\u00f3sito. Sum\u00e1ronse adeptos y al llegar las fiestas de 1902 estaba todo dispuesto.<\/p>\n<p><img loading=\"lazy\" class=\"size-full wp-image-443\" src=\"https:\/\/abencerrajes.com\/wp-content\/uploads\/2017\/05\/disenorafaelpeidro1903.jpg\" alt=\"\" width=\"514\" height=\"768\" srcset=\"https:\/\/abencerrajes.com\/wp-content\/uploads\/2017\/05\/disenorafaelpeidro1903.jpg 514w, https:\/\/abencerrajes.com\/wp-content\/uploads\/2017\/05\/disenorafaelpeidro1903-201x300.jpg 201w\" sizes=\"(max-width: 514px) 100vw, 514px\" \/><\/p>\n<p>El boceto, que satisfizo, se convirti\u00f3 en aut\u00e9ntico figur\u00edn, y a la primera \u00abComparsa\u00bb que dio el siglo, la de Marraquesch, seguir\u00eda otra, la de\u2026 faltaba un t\u00edtulo pomposo y adecuado, la de\u2026 \u00a1Ya est\u00e1! Manuel Garc\u00eda Falc\u00f3 acababa de leer una novelita de Chateaubriand, de ella sali\u00f3 el nombre y se present\u00f3 por Remigio Valor Peidro a la Directiva de la Asociaci\u00f3n, y el 11 de mayo de aquel a\u00f1o fue aprobado por la Junta general el DISE\u00d1O de los moros ABENCERRAJES que pint\u00f3 al \u00f3leo el experto artista Rafael Peidro Peidro. APOLO ten\u00eda \u00abComparsa\u00bb, y adem\u00e1s, banda musical cuando terminara con la que estaba comprometida.<\/p>\n<p><img loading=\"lazy\" class=\"aligncenter size-full wp-image-444\" src=\"https:\/\/abencerrajes.com\/wp-content\/uploads\/2017\/05\/1902-antiguo-abencerraje.jpg\" alt=\"\" width=\"206\" height=\"289\" \/><\/p>\n<p>Faltaba una parte para el todo; A los cinco fundadores que figuran en la foto y que son: Jos\u00e8 Sanz Herrero, Camilo Beneyto Pastor, Isidro Molt\u00f2 Ortiz, Francisco Paya y Manuel Garcia Falc\u00f2, se unieron estos otros individuos:<\/p>\n<p>Jos\u00e9 Miralles Pastor, Tom\u00e1s Marzal, Pedro Pujol, Remigio Valor Peidro, Jos\u00e9 Carbonell Monerris, Enrique Ripoll, Antonio P\u00e9rez, Enrique Miralles, Eduardo Candela, Jorge Gisbert Botella, Santiago L\u00f3pez Satorre, Enrique Tur Vicedo, Joaqu\u00edn Carbonell Santonja, Rodolfo Terol Pastor, Santiago Blanes Santos.<\/p>\n<p><img loading=\"lazy\" class=\"aligncenter size-full wp-image-445\" src=\"https:\/\/abencerrajes.com\/wp-content\/uploads\/2017\/05\/1902-Fundadores.jpg\" alt=\"\" width=\"647\" height=\"476\" srcset=\"https:\/\/abencerrajes.com\/wp-content\/uploads\/2017\/05\/1902-Fundadores.jpg 647w, https:\/\/abencerrajes.com\/wp-content\/uploads\/2017\/05\/1902-Fundadores-300x221.jpg 300w\" sizes=\"(max-width: 647px) 100vw, 647px\" \/><\/p>\n<p>Se inici\u00f3 la \u201ccrehu\u00e1 \u201c, siguieron las recaudaciones y \u201cmontep\u00edo\u201d y al filo del fin de aquel mismo a\u00f1o, por un trabacuentas entre elementos de \u00abComparsa\u00bb y \u00abM\u00fasica\u00bb, qued\u00f3 todo en agua de borrajas.<\/p>\n<p>Y se repartieron los fondos aportados, quedando los m\u00e1s entusiastas con la consiguiente decepci\u00f3n.<\/p>\n<p>Pronto reaccionaron \u00e9stos en plan de reorganizaci\u00f3n y el 25 de abril de 1903 se present\u00f3 de nuevo el DISE\u00d1O, reaprob\u00e1ndose, el 24 del mes siguiente. Ya fue serio el empuje, en el acto de la GLORIA de 1904 participaba la representaci\u00f3n de los ABENCERRAJES en la persona de Santiago Lop\u00e8z Satorre quien recogi\u00f3 los parabienes del p\u00fablico expectante que cancelaba sus exigencias al prodigarlos.<\/p>\n<p>Los quince \u201d festeros \u201d que figuran en la relaci\u00f3n antes comentada se vistieron y cada uno de ellos, pag\u00f3 85\u201918 pesetas por costo de cada equipo, incluido desde las albercas a la plateada cimera del turbante, armas y pertrechos defensivos. \u00a1Vaya ganga! Ni que decir tiene que la Primitiva y APOLO, que fue y sigue siendo soporte de su existencia, quedaban enraizados a la \u201cComparsa\u201d y con ella vivieron las primeras emociones conjuntas.<\/p>\n<p>Ya en el propio a\u00f1o 1904 Don Miguel P\u00e9rez Dom\u00ednguez \u201d obsequia a la Comparsa Abencerrajes\u201d, con la partitura original denominada \u201cmarcha \u00e1rabe\u201d, original de Don Camilo P\u00e9rez Laporta, titulada \u201cBENIXERRAIX\u201d (que del \u00e1rabe significa Abencerraje). En el a\u00f1o 1907 la Fil\u00e1 sali\u00f3 a la calle al son de la primera marcha mora de las fiestas, se escribi\u00f3 consecutivamente para ese fin y su autor fue Antonio P\u00e9rez Verd\u00fa. Aquella pieza se titul\u00f3 \u201cABENCERREIX\u201d, y posteriormente \u201cA BEN AMET\u201d o \u201cMARCHA ABENCERRAJE\u201d, y cuando se escuch\u00f3 por primera vez en la calle el p\u00fablico qued\u00f3 admirado por su belleza, y posteriormente paso a llamarse popularmente \u201cla m\u00fasica de les carabasetes\u201d.<\/p>\n<p>El 15 de mayo de 1909 acept\u00f3 la Bandera y el cargo de Alferez para el a\u00f1o 1910 comprometi\u00e9ndose Luis Torrijo a desempe\u00f1arlo, pero circunstancias adversas se lo impidieron y le sustituy\u00f3 Jos\u00e8 Sanz Herrero que le dio cumplimiento.<\/p>\n<p><img loading=\"lazy\" class=\"aligncenter size-full wp-image-446\" src=\"https:\/\/abencerrajes.com\/wp-content\/uploads\/2017\/05\/1910.jpg\" alt=\"\" width=\"336\" height=\"448\" srcset=\"https:\/\/abencerrajes.com\/wp-content\/uploads\/2017\/05\/1910.jpg 336w, https:\/\/abencerrajes.com\/wp-content\/uploads\/2017\/05\/1910-225x300.jpg 225w\" sizes=\"(max-width: 336px) 100vw, 336px\" \/><\/p>\n<p>Una posici\u00f3n peligrosa hizo zozobrar las fiestas en este a\u00f1o y despu\u00e9s de acordada su no celebraci\u00f3n, el 13 de marzo se rectific\u00f3 el prop\u00f3sito por 35 votos a favor y 3 contrarios, entre estos \u00faltimos el de los ABENCERRAJES que a pesar de ello cumplieron el compromiso contra\u00eddo que enlazaron con el de 1911 super\u00e1ndose en motivos de nuevo estilo para animar la \u201cEntrada\u201d, y con portentosa presentaci\u00f3n y montaje del aparato propio de este acto, Enrique Solbes Garc\u00eca tom\u00f3 el mando de Capt\u00e0n 1912 de las huestes musulmanas. En 1912 por no asistir la oportuna representaci\u00f3n al desfile de \u201cProclamaci\u00f3n de fiestas\u201d, fue sancionada reglamentariamente, perdiendo el puesto que concede el derecho de antig\u00fcedad y pas\u00f3 tras la de \u201cMud\u00e9jares\u201d. Este contratiempo entibi\u00f3 los \u00e1nimos, y unido a que \u201cLa Primitiva\u201d no ve\u00eda la situaci\u00f3n muy alentadora y que adquiri\u00f3 compromiso con la Fil\u00e0 \u201cLana\u201d durante los dos pr\u00f3ximos a\u00f1os que le correspond\u00edan los cargos de mando.<\/p>\n<p><img loading=\"lazy\" class=\"aligncenter size-full wp-image-447\" src=\"https:\/\/abencerrajes.com\/wp-content\/uploads\/2017\/05\/1911.jpg\" alt=\"\" width=\"342\" height=\"596\" srcset=\"https:\/\/abencerrajes.com\/wp-content\/uploads\/2017\/05\/1911.jpg 342w, https:\/\/abencerrajes.com\/wp-content\/uploads\/2017\/05\/1911-172x300.jpg 172w\" sizes=\"(max-width: 342px) 100vw, 342px\" \/><\/p>\n<p>El dise\u00f1o de los ABENCERRAJES pas\u00f3 a la Congregaci\u00f3n de S. Luis Gonzaga. Participando en las fiestas con la Banda de la Beneficencia de Alicante.<\/p>\n<p>Se estaba en 1913; con voluntad y animos deb\u00edan cortarse las disidencias y disgustos y finalmente despues de un entendimiento entre todos fue conseguido. Un injerto de elementos j\u00f3venes, de probada afinidad, proporcionaron vitalidad a los deca\u00eddos entusiasmos, y al ingresar en ella, resurgi\u00f3 pujante y briosa la triple hermandad al servicio un\u00e1nime de la fiesta de Alcoy. Revierte a su procedencia y otra vez ubican APOLO, \u201cLa Primitiva\u201d y los ABENCERRAJES en el mismo fraternal ambiente.<\/p>\n<p>Hay un periodo de tiempo que no se desarrollan acontecimientos dignos de menci\u00f3n, a no ser que quiera saberse que fue sancionada con una multa de QUINCE pesetas por aletargamiento en la \u201cEntrada\u201d de 1919; que al comp\u00e1s del tiempo, el elemento novel bull\u00eda sus ansias por ocupar puestos en la \u201cEscuadra\u201d que hubiesen de dejar vacantes los de edad m\u00e1s avanzada, y que en 1921 declin\u00f3 en la \u201cLana\u201d llevar el Capit\u00e1n que correspond\u00eda a la de \u201cGranadinos\u201d que poco antes de estas fiestas qued\u00f3 extinguida.<\/p>\n<p>Este a\u00f1o tom\u00f3 parte en un Concurso de faroles-gu\u00edas luciendo una soberbia carroza con fant\u00e1stica iluminaci\u00f3n el\u00e9ctrica, ejecutada bajo la direcci\u00f3n del pintor Antonio Solsona, cuyo tema era \u201cun \u00e1guila de cuyas garras pend\u00eda el pueblo de Alcoy\u201d que el p\u00fablico un\u00e1nimemente juzg\u00f3 como merecedora del premio primero.<\/p>\n<p><img loading=\"lazy\" class=\"aligncenter size-full wp-image-448\" src=\"https:\/\/abencerrajes.com\/wp-content\/uploads\/2017\/05\/1923-Farolguia-1923.jpg\" alt=\"\" width=\"486\" height=\"472\" srcset=\"https:\/\/abencerrajes.com\/wp-content\/uploads\/2017\/05\/1923-Farolguia-1923.jpg 486w, https:\/\/abencerrajes.com\/wp-content\/uploads\/2017\/05\/1923-Farolguia-1923-300x291.jpg 300w\" sizes=\"(max-width: 486px) 100vw, 486px\" \/><\/p>\n<p>No lo entendi\u00f3 as\u00ed el jurado y la elimin\u00f3 del Certamen, concedi\u00e9ndole sin embargo un galard\u00f3n extraordinario consistente en un diploma especial y medalla de oro con la efigie de San Jorge.<\/p>\n<p>Los ABENCERRAJES protestaron el fallo rebel\u00e1ndose contra el Presidente del jurado, que lo era el Asesor art\u00edstico, promotor de \u00e9l, quien dimiti\u00f3 de su cargo como igualmente por solidaridad el propio Presidente de la Asociaci\u00f3n. Se arreglaron cosas, los dimitidos se retractaron, los reclamantes admitieron explicaciones y la medalla, no as\u00ed el diploma, que fue regalada al autor del proyecto, cuya viuda do\u00f1a Josefa Monllor Candela guarda a\u00fan en el relicario de su pecho con ardorosa devocion.<\/p>\n<p><img loading=\"lazy\" class=\"aligncenter size-full wp-image-449\" src=\"https:\/\/abencerrajes.com\/wp-content\/uploads\/2017\/05\/1925-ENTRADA.jpg\" alt=\"\" width=\"1649\" height=\"955\" srcset=\"https:\/\/abencerrajes.com\/wp-content\/uploads\/2017\/05\/1925-ENTRADA.jpg 1649w, https:\/\/abencerrajes.com\/wp-content\/uploads\/2017\/05\/1925-ENTRADA-300x174.jpg 300w, https:\/\/abencerrajes.com\/wp-content\/uploads\/2017\/05\/1925-ENTRADA-768x445.jpg 768w, https:\/\/abencerrajes.com\/wp-content\/uploads\/2017\/05\/1925-ENTRADA-1024x593.jpg 1024w\" sizes=\"(max-width: 1649px) 100vw, 1649px\" \/><\/p>\n<p>En 1922, al corresponderle por segunda vez el Alf\u00e9rez, se conform\u00f3 un\u00e1nimemente que el presupuesto del traje pertinente y el de Capit\u00e1n en las fiestas subsiguientes se costease de los fondos aportados por la masa de sus \u201cindividuos\u201d, a condici\u00f3n que el primero lo desempe\u00f1ara el m\u00e1s viejo de entre todos, y el segundo quien o quienes oportunamente se acordare. Al pie de la letra se cumpli\u00f3 lo convenido. Isidro Molt\u00f2 Ort\u00ecz, fundador y \u201csargento\u201d de la Fil\u00e1, con ilusi\u00f3n de segunda infancia fue el Alferez 1922<\/p>\n<p><img loading=\"lazy\" class=\"aligncenter size-full wp-image-450\" src=\"https:\/\/abencerrajes.com\/wp-content\/uploads\/2017\/05\/1922.jpg\" alt=\"\" width=\"314\" height=\"447\" srcset=\"https:\/\/abencerrajes.com\/wp-content\/uploads\/2017\/05\/1922.jpg 314w, https:\/\/abencerrajes.com\/wp-content\/uploads\/2017\/05\/1922-211x300.jpg 211w\" sizes=\"(max-width: 314px) 100vw, 314px\" \/><\/p>\n<p>Y en 1923 vistieron el alhajado traje de Capitan, Jos\u00e8 Sanz Herrero en la \u201cEntrada\u201d por jerarca m\u00e1ximo, Francisco Satorre Miralles en la Procesi\u00f2n de la ma\u00f1ana, Sime\u00f2n Pastor Esp\u00ec en la tarde, Agust\u00ecn Colomer Tom\u00e0s en la \u201cRetreta\u201d, en la \u201cEmbajada\u201d Federico Molt\u00f2 Ort\u00ecz y por ultimo Rafael Pascual Aznar en el \u201cAlardo\u201d por m\u00e1s aguerrido.<\/p>\n<p><img loading=\"lazy\" class=\"aligncenter size-full wp-image-451\" src=\"https:\/\/abencerrajes.com\/wp-content\/uploads\/2017\/05\/1923.jpg\" alt=\"\" width=\"345\" height=\"472\" srcset=\"https:\/\/abencerrajes.com\/wp-content\/uploads\/2017\/05\/1923.jpg 345w, https:\/\/abencerrajes.com\/wp-content\/uploads\/2017\/05\/1923-219x300.jpg 219w\" sizes=\"(max-width: 345px) 100vw, 345px\" \/><\/p>\n<p>Un derroche de juventud y alegr\u00eda anim\u00f3 aquellas fiestas memorables del 23 y un derroche de placeres, tambi\u00e9n fue prodigado a los ABENCERRAJES por su ostentoso atuendo, entre el que formaba parte por vez primera en los anales festeros una \u201cescuadra\u201d de esclavos bereberes con trajes tan diferentes del DISE\u00d1O como diferentes entre s\u00ed.<\/p>\n<p><img loading=\"lazy\" class=\"aligncenter size-full wp-image-452\" src=\"https:\/\/abencerrajes.com\/wp-content\/uploads\/2017\/05\/1923-ESCUADRA.jpg\" alt=\"\" width=\"1559\" height=\"943\" srcset=\"https:\/\/abencerrajes.com\/wp-content\/uploads\/2017\/05\/1923-ESCUADRA.jpg 1559w, https:\/\/abencerrajes.com\/wp-content\/uploads\/2017\/05\/1923-ESCUADRA-300x181.jpg 300w, https:\/\/abencerrajes.com\/wp-content\/uploads\/2017\/05\/1923-ESCUADRA-768x465.jpg 768w, https:\/\/abencerrajes.com\/wp-content\/uploads\/2017\/05\/1923-ESCUADRA-1024x619.jpg 1024w\" sizes=\"(max-width: 1559px) 100vw, 1559px\" \/><\/p>\n<p>En 1928 aport\u00f3, el antojo de estrenar una buena \u201cMarcha mora\u201d, y comunicado el deseo a D. Julio Laporta Hell\u00edn por entonces director de \u201cLa Primitiva\u201d, se estaba en la tercera decena de marzo, en s\u00f3lo quince d\u00edas hizo brotar de su inspiraci\u00f3n y compuso UN MOBLE MES, en la que el propio autor escribi\u00f3: \u201d dedicat al gran entusiasta fester, comerciant y acaudalat propietari Don Francisco Molt\u00f3 Aznar \u201c, que ten\u00eda una tienda de muebles y se le conoc\u00eda con el sobrenombre \u201cel pansit\u201d, que fue consagrada como la pieza musical de m\u00e1s permanente popularidad entre las de su orden y finalidad.<\/p>\n<p>Falleci\u00f3 contados d\u00edas despu\u00e9s el se\u00f1or Laporta Hell\u00edn y al sucederle D. Camilo P\u00e9rez Monllor, aprovech\u00f3 \u00e9ste la oportunidad de una cena \u00edntima con que fue obsequiado por la Fil\u00e1, para hacer surgir en ella la iniciativa de reponer por anticuado todo el instrumental de la Banda Primitiva, cuya direcci\u00f3n le hab\u00eda sido confiada.<\/p>\n<p>Aquella misma noche, entre \u201ccolpet\u201d y \u201ccolpet\u201d quedaron ligados los anfitriones al compromiso de cooperar en vanguardia a lo que se convirti\u00f3 y fue realidad inmediata.<\/p>\n<p>Poco m\u00e1s de tres meses despu\u00e9s, pod\u00eda verse expuesto en local distinguido de la calle de San Nicol\u00e1s el flamante juego de instrumentos adquiridos. Por discrepancias en 1932 con la Comisi\u00f3n Municipal de Fiestas, no actu\u00f3 en las que se celebraron y buena parte de los ABENCERRAJES se las organizaron para un simulacro en Mallorca, y con San Jorge al frente de la expedici\u00f3n embarcaron el 21 de abril en el vapor correo, en cuyo suntuoso comedor, con permiso del Capit\u00e1n de la nave y en sitio de mayor preferencia fue entronizado el Santo que durante el viaje por mar fue Patr\u00f3n de la mariner\u00eda y pasaje, siendo sucesivamente festejado durante la permanencia en la isla con los actos y honores cual si propiamente se hallara en sus dominios patron\u00edmicos. En 1934 se reincorpora de nuevo hasta que la guerra civil abri\u00f3 el par\u00e9ntesis de 1936, que cerrado en 1939, hizo brotar el don que le es peculiar.<\/p>\n<p><img loading=\"lazy\" class=\"aligncenter size-full wp-image-453\" src=\"https:\/\/abencerrajes.com\/wp-content\/uploads\/2017\/05\/1940-abencerrajes_1940.jpg\" alt=\"\" width=\"353\" height=\"253\" srcset=\"https:\/\/abencerrajes.com\/wp-content\/uploads\/2017\/05\/1940-abencerrajes_1940.jpg 353w, https:\/\/abencerrajes.com\/wp-content\/uploads\/2017\/05\/1940-abencerrajes_1940-300x215.jpg 300w\" sizes=\"(max-width: 353px) 100vw, 353px\" \/><\/p>\n<p>El Primer Tr\u00f3, Indalecio Carbonell Pastor, convoc\u00f3, reuni\u00f3, organiz\u00f3 y anim\u00f3, sobre todo, a los elementos de solera y a los que se les adhirieron, resurgiendo con mayor pujanza, si cabe, la Fil\u00e1 Abencerrajes. Precipitase el bienio 1942-43 y con \u00e9l las obligaciones de ostentar el Alferez y Capitan en tercera vuelta; Francisco Perez Torres (Sou) tomo a su cargo la misi\u00f3n, y el jefe de los mahometanos gana una nueva batalla al Tiempo y a la Tradici\u00f3n. Con presteza y desprendimiento acudi\u00f3 siempre a las llamadas de la Caridad y cuantas veces fue requerida, no rest\u00f3 medios en favor del necesitado.<\/p>\n<p><img loading=\"lazy\" class=\"aligncenter size-full wp-image-454\" src=\"https:\/\/abencerrajes.com\/wp-content\/uploads\/2017\/05\/1941.jpg\" alt=\"\" width=\"281\" height=\"400\" srcset=\"https:\/\/abencerrajes.com\/wp-content\/uploads\/2017\/05\/1941.jpg 281w, https:\/\/abencerrajes.com\/wp-content\/uploads\/2017\/05\/1941-211x300.jpg 211w\" sizes=\"(max-width: 281px) 100vw, 281px\" \/><\/p>\n<p>En el a\u00f1o 1942, tuvo otro acontecimiento memorable en sus blasones, el agasajar a una comida a los vecinos del barrio de Caramanchel.<\/p>\n<p>Van pasando las fechas y la vida confraternal sigue el impulso iniciado en los tiempos de su fundaci\u00f3n.<\/p>\n<p><img loading=\"lazy\" class=\"aligncenter size-full wp-image-455\" src=\"https:\/\/abencerrajes.com\/wp-content\/uploads\/2017\/05\/1942.jpg\" alt=\"\" width=\"336\" height=\"448\" srcset=\"https:\/\/abencerrajes.com\/wp-content\/uploads\/2017\/05\/1942.jpg 336w, https:\/\/abencerrajes.com\/wp-content\/uploads\/2017\/05\/1942-225x300.jpg 225w\" sizes=\"(max-width: 336px) 100vw, 336px\" \/><\/p>\n<p>Las reuniones diarias, as\u00ed, sin discontinuidad, de cuantos albergan un verdadero afecto por la Comparsa, les liga tan \u00edntimamente que es una sola voluntad que les gu\u00eda hacia la constante finalidad de sostener el culto a las \u00abFiestas\u00bb de que tan encari\u00f1ados se sienten.<\/p>\n<p><img loading=\"lazy\" class=\"aligncenter size-full wp-image-456\" src=\"https:\/\/abencerrajes.com\/wp-content\/uploads\/2017\/05\/1948-ENTRADA.jpg\" alt=\"\" width=\"784\" height=\"472\" srcset=\"https:\/\/abencerrajes.com\/wp-content\/uploads\/2017\/05\/1948-ENTRADA.jpg 784w, https:\/\/abencerrajes.com\/wp-content\/uploads\/2017\/05\/1948-ENTRADA-300x181.jpg 300w, https:\/\/abencerrajes.com\/wp-content\/uploads\/2017\/05\/1948-ENTRADA-768x462.jpg 768w\" sizes=\"(max-width: 784px) 100vw, 784px\" \/><\/p>\n<p>En el a\u00f1o, 1954, era la cuarta vez que los Abencerrajes actuaban con el Alferez y su bandera. Desempe\u00f1\u00f3 el cargo Jose Paya Perez.<\/p>\n<p>Dise\u00f1\u00f3 el traje del jerarca as\u00ed como el de la escuadra de negros el paisano pintor Ram\u00f3n Casta\u00f1er que adem\u00e1s dirigi\u00f3 la confecci\u00f3n, ambos acertad\u00edsimos; el primero era un primor en lujo oriental y el segundo de una fantas\u00eda deslumbrante en cuanto a colorido y efectismo del figur\u00edn.<\/p>\n<p><img loading=\"lazy\" class=\"aligncenter size-full wp-image-457\" src=\"https:\/\/abencerrajes.com\/wp-content\/uploads\/2017\/05\/1954-768x1021.jpg\" alt=\"\" width=\"768\" height=\"1021\" srcset=\"https:\/\/abencerrajes.com\/wp-content\/uploads\/2017\/05\/1954-768x1021.jpg 768w, https:\/\/abencerrajes.com\/wp-content\/uploads\/2017\/05\/1954-768x1021-226x300.jpg 226w\" sizes=\"(max-width: 768px) 100vw, 768px\" \/><\/p>\n<p>Empezaron las fiestas y tras una primera Diana ordenada, lucida y bien llevada la escuadra por el cabo a su destino, rompen filas para reparar fuerzas y unirse al resto de su mesnada prepar\u00e1ndose todos para la Entrada.<\/p>\n<p>Es la tarde. Timbales y clarines con el Primer y Darr\u00e9r tr\u00f3 anuncian que les sigue el Alf\u00e9rez. Este, jinete sobre un camello dromedario ricamente enjaezado va precedido de moros notables y tras \u00e9l su Embajador y Abanderado con igual montura continuando m\u00e1s dromedarios cargados de enseres; todas las bestias eran conducidas por aut\u00e9nticos n\u00f3madas procedentes del oasis de Smara en el Sahara espa\u00f1ol.<\/p>\n<p><img loading=\"lazy\" class=\"aligncenter size-full wp-image-459\" src=\"https:\/\/abencerrajes.com\/wp-content\/uploads\/2017\/05\/1954-ESCUADRA.jpg\" alt=\"\" width=\"600\" height=\"374\" srcset=\"https:\/\/abencerrajes.com\/wp-content\/uploads\/2017\/05\/1954-ESCUADRA.jpg 600w, https:\/\/abencerrajes.com\/wp-content\/uploads\/2017\/05\/1954-ESCUADRA-300x187.jpg 300w\" sizes=\"(max-width: 600px) 100vw, 600px\" \/><\/p>\n<p>Sigue el cortejo que intermedia una linda carrocita con dos moras y su guardador custodiados por cuatro esclavos y despu\u00e9s una caravana de asnos morunos, en parejas, sobre los que cabalgaban sendos rife\u00f1os con sus esposas caminando a pie vestidas de blanco con toda propiedad, embozadas hasta solo asomar los ojos, siendo portadoras de c\u00e1ntaros y algunas llevando su hijito entoallado a la espalda.<\/p>\n<p>Varios jinetes ostentando cabezas de enemigos empaladas van delante de la escuadra de negros, \u00e9sta poderosamente llamativa, adelantando al ritmo de sones musicales retumbantes.<\/p>\n<p>S\u00famanse infantes abanderados en dos hileras entre las que rueda una carreta con pertrechos.<\/p>\n<p>M\u00e1s parejas de auxiliares y la escuadra de los Abencerrajes altiva y sonriente con su habitual banda que lleva delante cuatro moras tocando a comp\u00e1s grandes panderos.<\/p>\n<p>Cierra la formaci\u00f3n el Cop con su prole y dos acompa\u00f1antes.<\/p>\n<p><img loading=\"lazy\" class=\"aligncenter size-full wp-image-460\" src=\"https:\/\/abencerrajes.com\/wp-content\/uploads\/2017\/05\/1954-ENTRADA.jpg\" alt=\"\" width=\"637\" height=\"472\" srcset=\"https:\/\/abencerrajes.com\/wp-content\/uploads\/2017\/05\/1954-ENTRADA.jpg 637w, https:\/\/abencerrajes.com\/wp-content\/uploads\/2017\/05\/1954-ENTRADA-300x222.jpg 300w\" sizes=\"(max-width: 637px) 100vw, 637px\" \/><\/p>\n<p>Los espectadores aguantando la lluvia que dur\u00f3 lo que el desfile, aplaud\u00edan entusiasmadamente.<\/p>\n<p>El resto de actos oficiales desarroll\u00e1ronse con normalidad siendo de relieve el Alardo que cont\u00f3 con numerosos combatientes.<\/p>\n<p>En 26 de enero de 1955 dimiti\u00f3 de Primer tr\u00f3, Manuel Casta\u00f1er Abad, y tras serle aceptado se le otorg\u00f3 el mismo cargo a t\u00edtulo honor\u00edfico, sustituy\u00e9ndole Remigio Cremades Domenech.<\/p>\n<p>Era a\u00f1o de Capitan 1955 y se observaba vaciedad en la relaci\u00f3n de festeros.<\/p>\n<p>Se formaron los planes para nutrirla, nombr\u00e1ndose para jefe del ej\u00e9rcito mahometano a Francisco Satorre Miralles (Ricach\u00f3n), as\u00ed apodado porque al ser empleado del Banco de Espa\u00f1a de Alcoy se guardaba los<\/p>\n<p>peque\u00f1os trocitos de billetes que se taladraban al ser anulados en \u00e9l<\/p>\n<p>banco, y los tiraba en fiestas como confeti, afirmando que los obten\u00eda de agujerear los billetes oficiales que a \u00e9l le sobraban, la gente al observarlos detenidamente comprobaba que eran de billetes de verdad y le llamaba de esa guisa.<\/p>\n<p><img loading=\"lazy\" class=\"aligncenter size-full wp-image-461\" src=\"https:\/\/abencerrajes.com\/wp-content\/uploads\/2017\/05\/1955.jpg\" alt=\"\" width=\"336\" height=\"448\" srcset=\"https:\/\/abencerrajes.com\/wp-content\/uploads\/2017\/05\/1955.jpg 336w, https:\/\/abencerrajes.com\/wp-content\/uploads\/2017\/05\/1955-225x300.jpg 225w\" sizes=\"(max-width: 336px) 100vw, 336px\" \/><\/p>\n<p>Se lograron los prop\u00f3sitos de incrementar el n\u00famero de participantes, entra en ejecuci\u00f3n el ropaje para jefe, esclavos y dem\u00e1s de acuerdo con los bosquejos de Casta\u00f1er; moviliz\u00e1ronse los que tambi\u00e9n an\u00f3nimamente se esclavizan en los proyectos de contenido y organizaci\u00f3n, y con todo ultimado se present\u00f3 el 22 de abril. Primera Diana.<\/p>\n<p>En el centro de los dos bandos se desenvuelve la escuadra con \u00f3ptimo desenfado y pulcramente equipada.<\/p>\n<p>Prev\u00e9 los acontecimientos de rigor hasta la Entrada y los aprovecha. En \u00e9sta, con cielo nublado y amenazador, a su hora de la tarde rompe marcha el Sargento Mayor cabalgando un dromedario al igual que dos gu\u00edas que le eran acompa\u00f1antes.<\/p>\n<p>Les siguen bandas de trompetas y atabales con un n\u00facleo de vanguardistas y sobre brioso corcel \u00e1rabe alaz\u00e1n ocupaba su puesto el Capit\u00e1n, bajo llamativo parasol, haciendo gala de su autoridad y magnificencia del indumento lujosamente ataviado.<\/p>\n<p>Le prestaban guardia el cuerpo de su Estado Mayor montando caballos a los que segu\u00edan otros con espingardas. Formaban detr\u00e1s familias kabile\u00f1as, como en el a\u00f1o anterior, que tanto llamaron la atenci\u00f3n, y el desfile de motivos poco m\u00e1s o menos cual se desarrollaron con el Alf\u00e9rez, agregando una bonita carroza figurando el jard\u00edn de un alc\u00e1zar animado por preciosas damitas.<\/p>\n<p><img loading=\"lazy\" class=\"aligncenter size-full wp-image-462\" src=\"https:\/\/abencerrajes.com\/wp-content\/uploads\/2017\/05\/1955-ESCUADRA.jpg\" alt=\"\" width=\"600\" height=\"360\" srcset=\"https:\/\/abencerrajes.com\/wp-content\/uploads\/2017\/05\/1955-ESCUADRA.jpg 600w, https:\/\/abencerrajes.com\/wp-content\/uploads\/2017\/05\/1955-ESCUADRA-300x180.jpg 300w\" sizes=\"(max-width: 600px) 100vw, 600px\" \/><\/p>\n<p>En 24 de diciembre del mismo a\u00f1o se produjo el doloroso \u00f3bito del Primer tr\u00f3 Remigio Cremades, adicto y ejemplar festero, ocupando la vacante en 31 de marzo de 1956 Jorge P\u00e9rez P\u00e9rez hasta el 10 de mayo de 1959 que le relev\u00f3 Jos\u00e9 Botella Vilaplana.<\/p>\n<p>Entre estas fechas hubo algunas particularidades mencionables. Una, la creaci\u00f3n de la marcha titulada \u00abAbencerrajes. Tarde de abril\u00bb original del compositor alcoyano, D. Amando Blanquer Ponsoda, que dedic\u00f3 a la Fil\u00e1 y estrenada en la Entrada de 1957 para los titulares por la Primitiva dirigida por el veterano maestro D. Fernando de Mora, con el detalle de formar en la escuadra su autor; fue un \u00e9xito contundente.<\/p>\n<p><img loading=\"lazy\" class=\"aligncenter size-full wp-image-463\" src=\"https:\/\/abencerrajes.com\/wp-content\/uploads\/2017\/05\/1959-AbencerrajedehonorFernandodeMora-1959.jpg\" alt=\"\" width=\"715\" height=\"472\" srcset=\"https:\/\/abencerrajes.com\/wp-content\/uploads\/2017\/05\/1959-AbencerrajedehonorFernandodeMora-1959.jpg 715w, https:\/\/abencerrajes.com\/wp-content\/uploads\/2017\/05\/1959-AbencerrajedehonorFernandodeMora-1959-300x198.jpg 300w\" sizes=\"(max-width: 715px) 100vw, 715px\" \/><\/p>\n<p>Otra en la segunda Diana de 1958 en la que alinearon dos escuadras, una infantil y otra detr\u00e1s de mayores, sustituyendo \u00e9stos lanzas por guitarrones de ca\u00f1as; ejecutaba la Banda la pieza musical \u201cEl desgavellat\u201d y cuando correspond\u00edan los solos, el que actuaba de cabo de los mayores, Leonardo Satorre, daba entrada a los solistas, que con casta\u00f1uelas, pulsaban sus instrumentos a comp\u00e1s, con tal efecto, que el p\u00fablico sigui\u00e9ndoles aplaud\u00eda entusiasmado.<\/p>\n<p>Esta pieza musical, de acordes magistrales, fue dedicada por el autor Don Julio Laporta Hell\u00edn, con el siguiente texto: \u201d A la sucursal de Apolo. Petit desgavell, o siga, petit pasodoble -sense pretensions -, que yo, el autor<\/p>\n<p>dedique a tots els desgavellats y amics meus que componen la comparsa Abencerrajes. Alcoy, enero 1927 \u201c.<\/p>\n<p><img loading=\"lazy\" class=\"aligncenter size-full wp-image-464\" src=\"https:\/\/abencerrajes.com\/wp-content\/uploads\/2017\/05\/Desgavellat4.jpg\" alt=\"\" width=\"264\" height=\"189\" \/><\/p>\n<p>Y desde entonces por la calle de San Nicol\u00e1s en la segunda diana y en casos excepcionales por el Pais Valencia, los Abencerrajes desfilamos con la interpretaci\u00f3n del Desgavellat acompa\u00f1ados por individuos de la Fil\u00e1 haciendo sonar guitarrones de ca\u00f1a.<\/p>\n<p><img loading=\"lazy\" class=\"aligncenter size-full wp-image-465\" src=\"https:\/\/abencerrajes.com\/wp-content\/uploads\/2017\/05\/DESGAVELLAT5.jpg\" alt=\"\" width=\"572\" height=\"419\" srcset=\"https:\/\/abencerrajes.com\/wp-content\/uploads\/2017\/05\/DESGAVELLAT5.jpg 572w, https:\/\/abencerrajes.com\/wp-content\/uploads\/2017\/05\/DESGAVELLAT5-300x220.jpg 300w\" sizes=\"(max-width: 572px) 100vw, 572px\" \/><\/p>\n<p>Y por \u00faltimo la creaci\u00f3n del bander\u00edn her\u00e1ldico para cada Fil\u00e1; el de los Abencerrajes proyectado \u00a1c\u00f3mo no!,por Casta\u00f1er, lo bord\u00f3 primorosamente Do\u00f1a Pilar Oltra ostent\u00e1ndose en las fiestas de 1959, tras las que la Directiva de la Asociaci\u00f3n ofici\u00f3 a la Fil\u00e1 felicit\u00e1ndola por su comportamiento en ellas y agradeciendo la aportaci\u00f3n del bander\u00edn. Muy previsores, en 1961 pensando en los venideros a\u00f1os de cargos y que la cuota de los \u00abindividuos\u00bb resultaba baja acordose elevarla, para engrosar el caudal, cuya tesorer\u00eda rige el casi perpetuo y competente Rafael Botella Sempere (Bambeta), Abencerraje por donde se le mire, despu\u00e9s de haber pertenecido a la banda musical afecta a \u00e9stos.<\/p>\n<p><img loading=\"lazy\" class=\"aligncenter size-full wp-image-466\" src=\"https:\/\/abencerrajes.com\/wp-content\/uploads\/2017\/05\/1960-ENTRADA.jpg\" alt=\"\" width=\"637\" height=\"472\" srcset=\"https:\/\/abencerrajes.com\/wp-content\/uploads\/2017\/05\/1960-ENTRADA.jpg 637w, https:\/\/abencerrajes.com\/wp-content\/uploads\/2017\/05\/1960-ENTRADA-300x222.jpg 300w\" sizes=\"(max-width: 637px) 100vw, 637px\" \/><\/p>\n<p>Otros objetivos fueron la adquisici\u00f3n de elementos para renovaci\u00f3n y aumento de vestuario m\u00e1s la captaci\u00f3n de festeros capaces de dignificarlo. En 1962 las previsiones se alcanzan consiguiendo el ingreso de numerosos asociados seleccionados y que el estado econ\u00f3mico ofrezca el signo apetecido.<\/p>\n<p><img loading=\"lazy\" class=\"aligncenter size-full wp-image-467\" src=\"https:\/\/abencerrajes.com\/wp-content\/uploads\/2017\/05\/1962-abencerrajes_1962.jpg\" alt=\"\" width=\"393\" height=\"525\" srcset=\"https:\/\/abencerrajes.com\/wp-content\/uploads\/2017\/05\/1962-abencerrajes_1962.jpg 393w, https:\/\/abencerrajes.com\/wp-content\/uploads\/2017\/05\/1962-abencerrajes_1962-225x300.jpg 225w\" sizes=\"(max-width: 393px) 100vw, 393px\" \/><\/p>\n<p>Entraron en actividad veteranos y noveles actuando en la Trilog\u00eda festera cual corresponde a todo participante consciente.<\/p>\n<p>En la primera reuni\u00f3n de Junta general ordinaria de la Asociaci\u00f3n en este a\u00f1o se pidi\u00f3 la inclusi\u00f3n del ni\u00f1o Francisco Gisbert Goz\u00e1lbez en la lista de pretendientes a ejercer el SANT JORDIET en el siguiente, con la fortuna de ser elegido en el sorteo correspondiente.<\/p>\n<p><img loading=\"lazy\" class=\"aligncenter size-full wp-image-468\" src=\"https:\/\/abencerrajes.com\/wp-content\/uploads\/2017\/05\/1963.jpg\" alt=\"\" width=\"324\" height=\"450\" srcset=\"https:\/\/abencerrajes.com\/wp-content\/uploads\/2017\/05\/1963.jpg 324w, https:\/\/abencerrajes.com\/wp-content\/uploads\/2017\/05\/1963-216x300.jpg 216w\" sizes=\"(max-width: 324px) 100vw, 324px\" \/><\/p>\n<p>Llegadas las fiestas de 1963 cumpli\u00f3se con las disciplinas a que obligan el compromiso contra\u00eddo con la m\u00e1s destacada figura representativa en ellas, prest\u00e1ndole honrosa asistencia Fil\u00e1 y m\u00fasica acompa\u00f1\u00e1ndola a los actos en que interviene, compartiendo con los Moz\u00e1rabes la escolta desde el Castillo, tras su aparici\u00f3n en la fortaleza, hasta su morada, iluminando con antorchas el recorrido durante el cual prodig\u00e1ronse nutridos aplausos a tan significativa personalidad. El primer campeonato de \u00abcotos\u00bb 1963-64 organizado por la Directiva de la Asociaci\u00f3n tuvo la nota destacada de formar en el equipo Abencerraje el Excmo. Sr. Coronel comandante militar de Alcoy D. Carlos Valero Coll que ne\u00f3fito en \u00e9stas lides no conoc\u00eda los juegos aprendi\u00e9ndolos r\u00e1pidamente y previo adecuado entrenamiento actu\u00f3 en dos partidas. Quedaron finalistas Abencerrajes y Vascos que jugaron la final en el Hogar del productor repleto de festeros, ganando los primeros con el equipo Antonio Botella Vilaplana y Jos\u00e9 Pascual Alfonso habiendo sido seleccionador Camilo Valls Ribes. Recibieron la Copa trofeo de manos del Excmo. Sr. Gobernador civil de la Provincia D. Felipe Arche Hermosa all\u00ed presente con otras autoridades locales entre ellas el Sr. Coronel antes nombrado, el Alcalde, D. Francisco Vitoria Laporta, Presidente de la Comisi\u00f3n Municipal de Fiestas D. Baldomero Satorre Barber, Presidente y Secretario de la Asociaci\u00f3n Don Francisco Boronat Pic\u00f3 y D. Jos\u00e9 Luis Mansanet Ribes, respectivamente y otros directivos.<\/p>\n<p><img loading=\"lazy\" class=\"aligncenter size-full wp-image-469\" src=\"https:\/\/abencerrajes.com\/wp-content\/uploads\/2017\/05\/1961-ENTRADA.jpg\" alt=\"\" width=\"3162\" height=\"1938\" srcset=\"https:\/\/abencerrajes.com\/wp-content\/uploads\/2017\/05\/1961-ENTRADA.jpg 3162w, https:\/\/abencerrajes.com\/wp-content\/uploads\/2017\/05\/1961-ENTRADA-300x184.jpg 300w, https:\/\/abencerrajes.com\/wp-content\/uploads\/2017\/05\/1961-ENTRADA-768x471.jpg 768w, https:\/\/abencerrajes.com\/wp-content\/uploads\/2017\/05\/1961-ENTRADA-1024x628.jpg 1024w\" sizes=\"(max-width: 3162px) 100vw, 3162px\" \/><\/p>\n<p>El diploma acreditativo lo entreg\u00f3 el Sr. Alcalde a los vencedores. Se jugaron 52 partidas, ganando 26, perdieron 12 y empataron en 14. Con el entusiasmo consiguiente se organiz\u00f3 la indispensable \u00abEntraeta\u00bb formando todas las autoridades y festeros que presenciaron la victoria.<\/p>\n<p>El 10 de mayo por dimisi\u00f3n de Jos\u00e9 Botella Vilaplana supli\u00f3 su puesto de Primer tr\u00f3 Rafael Bou Aparicio por decisi\u00f3n un\u00e1nime de la Fil\u00e1. En 1965 se modific\u00f3 el \u00abDise\u00f1o\u00bb con algunos detalles adapt\u00e1ndose una nueva faja que result\u00f3 c\u00f3moda, vistosa y pr\u00e1ctica, conjuntando muy bien con el traje, al que le ejerce mayor prestancia.<\/p>\n<p>El ejemplar comportamiento de los individuos en las pasadas fiestas, aleccionados por sus directivos, mereci\u00f3 pl\u00e1cemes del p\u00fablico observador y la felicitaci\u00f3n oficial, adem\u00e1s de haber sido incluida la Fil\u00e1 en la relaci\u00f3n de las que pod\u00edan obtener el premio de 2.000 pesetas que el Ayuntamiento asigna para sortear entre las de mejor actuaci\u00f3n.<\/p>\n<p>Tambi\u00e9n Ram\u00f3n Casta\u00f1er premi\u00f3 a los suyos con el obsequio del nuevo \u00abDise\u00f1o\u00bb pintado al \u00f3leo por su mano maestra, recogiendo las modificaciones introducidas.<\/p>\n<p>En 1966 se jug\u00f3 el tercer campeonato de \u00abcotos\u00bb resultando finalistas por eliminatorias Alcodianos y Abencerrajes que actuando en la final ganaron tambi\u00e9n \u00e9stos \u00faltimos con el equipo formado por Abelardo P\u00e9rez Pascual y Camilo Valls Ribes, recibiendo el trofeo entregado por las autoridades presentes igurando entre tales D. Baldomero Satorre Barber como Teniente de alcalde de Fiestas que entreg\u00f3 la copa y don Jorge Silvestre Andr\u00e9s Vice-Presidente de la Asociaci\u00f3n que hizo entrega del diploma.<\/p>\n<p><img loading=\"lazy\" class=\"aligncenter size-full wp-image-470\" src=\"https:\/\/abencerrajes.com\/wp-content\/uploads\/2017\/05\/disenoramoncastaner1964.jpg\" alt=\"\" width=\"542\" height=\"768\" srcset=\"https:\/\/abencerrajes.com\/wp-content\/uploads\/2017\/05\/disenoramoncastaner1964.jpg 542w, https:\/\/abencerrajes.com\/wp-content\/uploads\/2017\/05\/disenoramoncastaner1964-212x300.jpg 212w\" sizes=\"(max-width: 542px) 100vw, 542px\" \/><\/p>\n<p>En las fiestas respectivas se cumpli\u00f3 con el orden llevar uniformados a sus \u201ccartucheros\u201d por holgados capotes, especie de albornoz con capuch\u00f3n, de colores chillones en contraste con los de los guerreros a quienes serv\u00edan.<\/p>\n<p>El resto del a\u00f1o empleose en preparativos para el siguiente que con Alf\u00e9rez la Fil\u00e1 custodiar\u00e1 nuevamente la figura se\u00f1era de la Fiesta que por insaculaci\u00f3n correspondi\u00f3 al ni\u00f1o Guillermo Berenguer Jord\u00e1 hijo del entusiasta Abencerraje D. Julio Berenguer Barcel\u00f3, a la saz\u00f3n cronista particular de su conjunto en aquellas fechas. La indumentaria del subjefe mahometano fue debida al ingenio de Casta\u00f1er y la escuadra de esclavos original de Gonzalo Matarredona, que tambi\u00e9n concibi\u00f3 la del SANT JORDIET.<\/p>\n<p>El puesto de Alf\u00e9rez lo ocup\u00f3 Jos\u00e9 Sanz Llopis fester desde su nacimiento e hijo de quien 57 a\u00f1os antes se hab\u00eda desenvuelto con igual cargo y Fil\u00e1 de la que fue fundador, D. Jos\u00e9 Sanz Herrero, de inolvidable recuerdo. En Abril de 1967.<\/p>\n<p><img loading=\"lazy\" class=\"aligncenter size-full wp-image-471\" src=\"https:\/\/abencerrajes.com\/wp-content\/uploads\/2017\/05\/1967.jpg\" alt=\"\" width=\"236\" height=\"400\" srcset=\"https:\/\/abencerrajes.com\/wp-content\/uploads\/2017\/05\/1967.jpg 236w, https:\/\/abencerrajes.com\/wp-content\/uploads\/2017\/05\/1967-177x300.jpg 177w\" sizes=\"(max-width: 236px) 100vw, 236px\" \/><\/p>\n<p>En su d\u00eda cumplen los Abencerrajes con la primera Diana formando la escuadra que marc\u00f3 el paso al son del pasodoble \u201d Remigiet \u201c. Ordenado el boato para la tarde acometen a un rancho extraordinario sin que falle nadie de la tropa. Terminado \u00e9ste, bien dispuestos observan el plan previsto para la Entrada desde su lugar, que inician las bater\u00edas de ruidosos sones anunciadores y varios jinetes de la Fil\u00e1 a los que sigue soberbia carroza que sirve de trono al Alf\u00e9rez, Jos\u00e9 Sanz Llopis.<\/p>\n<p>\u00c9ste, majestuoso y simp\u00e1tico con vestimenta nobil\u00edsima y de una nueva traza era motivo de constantes aplausos. Tras \u00e9l un caballo de respeto, el embajador y el abanderado m\u00e1s un sant\u00f3n sobre una ac\u00e9mila. Continuaban moros notables y parejas de infantes con grandes banderas pertenecientes a las notabilidades que les preced\u00edan y la escuadra de esclavos cuyo equipo de conjunto era un derroche de policrom\u00eda y originalidad al que se un\u00eda un nutrido grupo musical ex\u00f3tico.<\/p>\n<p><img loading=\"lazy\" class=\"aligncenter size-full wp-image-472\" src=\"https:\/\/abencerrajes.com\/wp-content\/uploads\/2017\/05\/1967-ESCUADRA.jpg\" alt=\"\" width=\"600\" height=\"406\" srcset=\"https:\/\/abencerrajes.com\/wp-content\/uploads\/2017\/05\/1967-ESCUADRA.jpg 600w, https:\/\/abencerrajes.com\/wp-content\/uploads\/2017\/05\/1967-ESCUADRA-300x203.jpg 300w\" sizes=\"(max-width: 600px) 100vw, 600px\" \/><\/p>\n<p>M\u00e1s infantes con banderines y entre sus filas dos pebeteros humeantes desprendiendo delicados perfumes y carroza con abundancia de moritas y peque\u00f1os moros; aparec\u00edan despu\u00e9s ostentadores de cabezas enemigas enfiladas a punta de lanza y la escuadra de Abencerrajes al ritmo de una nueva y original marcha del paisano D. Amando Blanquer titulada \u00abAny d\u2019 Alferis\u00bb interpretada por la Primitiva interviniendo nutrido grupo de peque\u00f1os kabile\u00f1os con instrumentos de percusi\u00f3n.<\/p>\n<p><img loading=\"lazy\" class=\"aligncenter size-full wp-image-473\" src=\"https:\/\/abencerrajes.com\/wp-content\/uploads\/2017\/05\/1968-ENTRADA.jpg\" alt=\"\" width=\"601\" height=\"457\" srcset=\"https:\/\/abencerrajes.com\/wp-content\/uploads\/2017\/05\/1968-ENTRADA.jpg 601w, https:\/\/abencerrajes.com\/wp-content\/uploads\/2017\/05\/1968-ENTRADA-300x228.jpg 300w\" sizes=\"(max-width: 601px) 100vw, 601px\" \/><\/p>\n<p>Cerraba la formaci\u00f3n otra lujosa carroza inspirada en los colores de la Fil\u00e1, lanza y escudo, ocupa a por moras de la nobleza bajo la vigilancia de un piquete de fuerzas en retaguardia. Lleg\u00f3 el d\u00eda de San Jorge.<\/p>\n<p>La segunda Diana abundante en infantiles festers acaba con el desayuno reglamentario despu\u00e9s del cual la Fil\u00e1, en formaci\u00f3n, parte con el Alf\u00e9rez en busca de SANT JORDIET para custodiarle hasta la Iglesia de San Jorge desde la que tomar\u00e1 parte en la Procesi\u00f3n de la Reliquia.<\/p>\n<p>En el Templo de Santa Mar\u00eda ofici\u00f3 la misa mayor el Ilmo. y Rvdmo. Sr. D. Rafael Gonz\u00e1lez Moralejo obispo capitular de Valencia, de quien recibe su primera comuni\u00f3n Guillermito, representaci\u00f3n humana del Santo Patr\u00f3n. Terminada la misa fue reintegrado a la casa paterna y por la tarde se actu\u00f3 de igual manera para su asistencia a la Procesi\u00f3n general.<\/p>\n<p>Al d\u00eda siguiente, en el Alardo, dispar\u00f3 por la ma\u00f1ana como Alf\u00e9rez, Jos\u00e9 Franc\u00e9s Blanes en puesto de Jos\u00e9 Sanz Llopis que lo hizo por la tarde. Con 27 guerreros disparando se perdi\u00f3 la batalla. Sigue a ella trasladar a SANT JORDIET al Castillo y despu\u00e9s de su APARICION sobre las almenas de la fortaleza y diezmar al enemigo con sus saetas, sale de ella montando un peque\u00f1o caballo blanco con las riendas gobernadas por el Alf\u00e9rez precedi\u00e9ndoles cuatro pajes con faroles pertenecientes a la Reliquia, todos cercados por dos filas de Abencerrajes con antorchas sigui\u00e9ndoles bandas infantiles de cornetas y tambores m\u00e1s la banda musical; los aplausos sonaban a cataratas.<\/p>\n<p><img loading=\"lazy\" class=\"aligncenter size-full wp-image-474\" src=\"https:\/\/abencerrajes.com\/wp-content\/uploads\/2017\/05\/1967-ALARDO.jpg\" alt=\"\" width=\"944\" height=\"602\" srcset=\"https:\/\/abencerrajes.com\/wp-content\/uploads\/2017\/05\/1967-ALARDO.jpg 944w, https:\/\/abencerrajes.com\/wp-content\/uploads\/2017\/05\/1967-ALARDO-300x191.jpg 300w, https:\/\/abencerrajes.com\/wp-content\/uploads\/2017\/05\/1967-ALARDO-768x490.jpg 768w\" sizes=\"(max-width: 944px) 100vw, 944px\" \/><\/p>\n<p>Termin\u00f3 el acto y las fiestas, al llegar a la morada de Gillermo Berenguer Jorda \u201cGuillermito\u201d donde despidi\u00f3 a los acompa\u00f1antes con los estampidos de una traca final, regresando a su cuartel el Alf\u00e9rez vencido y con lo que qued\u00f3 de sus huestes.<\/p>\n<p><img loading=\"lazy\" class=\"aligncenter size-full wp-image-475\" src=\"https:\/\/abencerrajes.com\/wp-content\/uploads\/2017\/05\/1967b.jpg\" alt=\"\" width=\"295\" height=\"450\" srcset=\"https:\/\/abencerrajes.com\/wp-content\/uploads\/2017\/05\/1967b.jpg 295w, https:\/\/abencerrajes.com\/wp-content\/uploads\/2017\/05\/1967b-197x300.jpg 197w\" sizes=\"(max-width: 295px) 100vw, 295px\" \/><\/p>\n<p>En Abril de 1968 desempe\u00f1\u00f3, con insigne porte e incre\u00edble boato, el cargo de CAPIT\u00c1N D. Jorge Mira Rovira, representando magistralmente al caudillo de las fuerzas mahometanas AL-AZRACH.<\/p>\n<p><img loading=\"lazy\" class=\"aligncenter size-full wp-image-476\" src=\"https:\/\/abencerrajes.com\/wp-content\/uploads\/2017\/05\/1968.jpg\" alt=\"\" width=\"274\" height=\"400\" srcset=\"https:\/\/abencerrajes.com\/wp-content\/uploads\/2017\/05\/1968.jpg 274w, https:\/\/abencerrajes.com\/wp-content\/uploads\/2017\/05\/1968-206x300.jpg 206w\" sizes=\"(max-width: 274px) 100vw, 274px\" \/><\/p>\n<p><img loading=\"lazy\" class=\"aligncenter size-full wp-image-477\" src=\"https:\/\/abencerrajes.com\/wp-content\/uploads\/2017\/05\/1968-ESCUADRA.jpg\" alt=\"\" width=\"600\" height=\"411\" srcset=\"https:\/\/abencerrajes.com\/wp-content\/uploads\/2017\/05\/1968-ESCUADRA.jpg 600w, https:\/\/abencerrajes.com\/wp-content\/uploads\/2017\/05\/1968-ESCUADRA-300x206.jpg 300w\" sizes=\"(max-width: 600px) 100vw, 600px\" \/><\/p>\n<p>En el a\u00f1o 1974 la Fil\u00e0 Abencerrajes ostent\u00f3 el cargo de Escuadra del Mig.<\/p>\n<p><img loading=\"lazy\" class=\"aligncenter size-full wp-image-478\" src=\"https:\/\/abencerrajes.com\/wp-content\/uploads\/2017\/05\/1974-ESCUADRA.jpg\" alt=\"\" width=\"600\" height=\"315\" srcset=\"https:\/\/abencerrajes.com\/wp-content\/uploads\/2017\/05\/1974-ESCUADRA.jpg 600w, https:\/\/abencerrajes.com\/wp-content\/uploads\/2017\/05\/1974-ESCUADRA-300x158.jpg 300w\" sizes=\"(max-width: 600px) 100vw, 600px\" \/><\/p>\n<p>En 1980, desempe\u00f1\u00f3 el cargo de ALFEREZ: Luis Mataix Ara\u00f1o.<\/p>\n<p><img loading=\"lazy\" class=\"aligncenter size-full wp-image-479\" src=\"https:\/\/abencerrajes.com\/wp-content\/uploads\/2017\/05\/1980.jpg\" alt=\"\" width=\"335\" height=\"492\" srcset=\"https:\/\/abencerrajes.com\/wp-content\/uploads\/2017\/05\/1980.jpg 335w, https:\/\/abencerrajes.com\/wp-content\/uploads\/2017\/05\/1980-204x300.jpg 204w\" sizes=\"(max-width: 335px) 100vw, 335px\" \/><\/p>\n<p>La Fila Abencerrajes con su primer tro Jose Botella Vilaplana que por el fallecimiento de su Madre le sustituyo Paco Paya Mart\u00ed darrer tro y el resto de Junta, para dirigir toda la Alferec\u00eda Abencerraje en la trilog\u00eda, se inicia el Boato en el Partidor a la 7,05 y causa impacto en el p\u00fablico tanto en los llamados entendidos como los que no son tanto.<\/p>\n<p>La participaci\u00f3n de varios Abencerrajes componentes de la Cazuela hacen que la puesta en escena sea espectacular, fuera de lo normal, de las costumbres y lo que la tradici\u00f3n mandaba hasta esos momentos.<\/p>\n<p><img loading=\"lazy\" class=\"aligncenter size-full wp-image-480\" src=\"https:\/\/abencerrajes.com\/wp-content\/uploads\/2017\/05\/1974-Entrada-1974.jpg\" alt=\"\" width=\"685\" height=\"442\" srcset=\"https:\/\/abencerrajes.com\/wp-content\/uploads\/2017\/05\/1974-Entrada-1974.jpg 685w, https:\/\/abencerrajes.com\/wp-content\/uploads\/2017\/05\/1974-Entrada-1974-300x194.jpg 300w\" sizes=\"(max-width: 685px) 100vw, 685px\" \/><\/p>\n<p>Las notas musicales, los nobles y los enlutados caballeros, un poco tartarico, con el Alf\u00e9rez sobre una carreta tirada por una yunta de bueyes causo autentica sorpresa que cambio los moldes de la interpretaci\u00f3n en la entrada de moros. Estuvo todo est\u00e9ticamente perfecto, no se pod\u00eda pedir m\u00e1s.<\/p>\n<p>La idea de Alejandro Soler. Esta perfectamente llevada a la realidad, no falta una solo detalle que no esta plasmado en esta composici\u00f3n.<\/p>\n<p><img loading=\"lazy\" class=\"aligncenter size-full wp-image-481\" src=\"https:\/\/abencerrajes.com\/wp-content\/uploads\/2017\/05\/1981-ESCUADRA.jpg\" alt=\"\" width=\"600\" height=\"404\" srcset=\"https:\/\/abencerrajes.com\/wp-content\/uploads\/2017\/05\/1981-ESCUADRA.jpg 600w, https:\/\/abencerrajes.com\/wp-content\/uploads\/2017\/05\/1981-ESCUADRA-300x202.jpg 300w\" sizes=\"(max-width: 600px) 100vw, 600px\" \/><\/p>\n<p>El Alf\u00e9rez ataviado como un n\u00f3mada del desierto, con una escuadra de negros especial, con tunica talar y un aparatoso yelmo fue algo desconcertante, acompa\u00f1ados por la Uni\u00f3n musical de Lorcha<\/p>\n<p>Para unos quiz\u00e1s le faltaba algo de color, pero para otros todo formaba un hilazon desde el principio al fin incluyendo la escuadra de Blancos con la Primitiva dirigida por Gregorio Casasempere Gisbert y acompa\u00f1ado a la banda un gran grupo de Abencerrajes y simpatizantes todos unirlos en una turba y con instrumentos de percusi\u00f3n, no pod\u00eda ser de otra forma que interpretando la L \u00e8n tra dels moros.<\/p>\n<p><img loading=\"lazy\" class=\"aligncenter size-full wp-image-482\" src=\"https:\/\/abencerrajes.com\/wp-content\/uploads\/2017\/05\/1979-ENTRADA.jpg\" alt=\"\" width=\"945\" height=\"694\" srcset=\"https:\/\/abencerrajes.com\/wp-content\/uploads\/2017\/05\/1979-ENTRADA.jpg 945w, https:\/\/abencerrajes.com\/wp-content\/uploads\/2017\/05\/1979-ENTRADA-300x220.jpg 300w, https:\/\/abencerrajes.com\/wp-content\/uploads\/2017\/05\/1979-ENTRADA-768x564.jpg 768w\" sizes=\"(max-width: 945px) 100vw, 945px\" \/><\/p>\n<p>El montaje de este boato se parec\u00eda a los \u201cCecil B.Mille\u201d que cerraba la espectacular entrada de moros<\/p>\n<p>Lo cierto es que Luis Mataix Ara\u00f1o ser\u00e1 un Alf\u00e9rez para recordar en muchos a\u00f1os en las Fiestas de Moros y Cristianos de Alcoy.<\/p>\n<p>En 1981, desempe\u00f1o el cargo de CAPIT\u00c1N: D. Gonzalo Matarredona LLopis.<\/p>\n<p><img loading=\"lazy\" class=\"aligncenter size-full wp-image-483\" src=\"https:\/\/abencerrajes.com\/wp-content\/uploads\/2017\/05\/1981.jpg\" alt=\"\" width=\"276\" height=\"400\" srcset=\"https:\/\/abencerrajes.com\/wp-content\/uploads\/2017\/05\/1981.jpg 276w, https:\/\/abencerrajes.com\/wp-content\/uploads\/2017\/05\/1981-207x300.jpg 207w\" sizes=\"(max-width: 276px) 100vw, 276px\" \/><\/p>\n<p>Esta cr\u00f3nica se inicia con las noticias sobre el tiempo nos hacen llegar en v\u00edsperas nuestras fiestas de Moros y Cristianos, no son nada favorables seg\u00fan estos peri\u00f3dicos:<\/p>\n<p>La verdad \u201cIns\u00f3lito en el mes de Abril: Nieve en la Font Roja\u201d<\/p>\n<p>Las provincias \u201cNi la nieve impedir\u00e1 que la Fiesta de Moros y cristianos siga adelante\u201d<\/p>\n<p>Informaci\u00f3n \u201cPilar Mompo la primera mujer que dirige el Himno de Fiestas bajo una lluvia torrencial\u201d<\/p>\n<p>Durante la ma\u00f1ana del d\u00eda 22 llovi\u00f3, pero a las 16,30 horas, en el momento que nuestro Capit\u00e1n iniciaba su Entra el sol lucia en todo lo alto, igual que Gonzalo Matarrenona Llopis montado en su peque\u00f1o carruaje, tirado por corceles pintureros y con el escudo de la Fila como gu\u00eda de lo que iba a ser el Boato.<\/p>\n<p>La carroza del Capit\u00e1n va precedido por burritas con alforjas llenas de laurel y flores olorosas que van repartiendo por el recorrido.<\/p>\n<p>El capit\u00e1n va saludando con la espingarda en la mano, todo el dise\u00f1o se su sequito lo a dise\u00f1ado el, el traje es sobrio de colores plata, negro y marfil y la faja de los colores de nuestra Fila que el se siente muy orgulloso de representarnos.<\/p>\n<p><img loading=\"lazy\" class=\"aligncenter size-full wp-image-484\" src=\"https:\/\/abencerrajes.com\/wp-content\/uploads\/2017\/05\/1983-ENTRADA.jpg\" alt=\"\" width=\"1152\" height=\"768\" srcset=\"https:\/\/abencerrajes.com\/wp-content\/uploads\/2017\/05\/1983-ENTRADA.jpg 1152w, https:\/\/abencerrajes.com\/wp-content\/uploads\/2017\/05\/1983-ENTRADA-300x200.jpg 300w, https:\/\/abencerrajes.com\/wp-content\/uploads\/2017\/05\/1983-ENTRADA-768x512.jpg 768w, https:\/\/abencerrajes.com\/wp-content\/uploads\/2017\/05\/1983-ENTRADA-1024x683.jpg 1024w\" sizes=\"(max-width: 1152px) 100vw, 1152px\" \/><\/p>\n<p>A continuaci\u00f3n le sigue su hijo Jaime Miguel en un poney.<\/p>\n<p>La carroza de la favorita simula a un patio nazarita con fuentes y surtidores que le dan un ambiente de frescura.<\/p>\n<p>La banda que le acompa\u00f1a nuestra Primitiva y con L\u00cantra del moros.<\/p>\n<p>La escuadra de negros, que tambi\u00e9n esta dise\u00f1ada por \u00e9l, la calificaci\u00f3n que le dieron a nuestra Entra de sobresaliente, tanto por la brillantez, como el tono general del acto, su orden y la perfecci\u00f3n con que se desarrollo.<\/p>\n<p><img loading=\"lazy\" class=\"aligncenter size-full wp-image-485\" src=\"https:\/\/abencerrajes.com\/wp-content\/uploads\/2017\/05\/1981-ESCUADRA-1.jpg\" alt=\"\" width=\"600\" height=\"404\" srcset=\"https:\/\/abencerrajes.com\/wp-content\/uploads\/2017\/05\/1981-ESCUADRA-1.jpg 600w, https:\/\/abencerrajes.com\/wp-content\/uploads\/2017\/05\/1981-ESCUADRA-1-300x202.jpg 300w\" sizes=\"(max-width: 600px) 100vw, 600px\" \/><\/p>\n<p>Gonzalo Matarredona Llopis, tambi\u00e9n en este a\u00f1o salio de Gloriero compartiendo el honor con Jos\u00e9 Botella Vilaplana y Jos\u00e9 P\u00e9rez Tomas.<\/p>\n<p><img loading=\"lazy\" class=\"aligncenter size-full wp-image-486\" src=\"https:\/\/abencerrajes.com\/wp-content\/uploads\/2017\/05\/1982-ALARDO.jpg\" alt=\"\" width=\"679\" height=\"502\" srcset=\"https:\/\/abencerrajes.com\/wp-content\/uploads\/2017\/05\/1982-ALARDO.jpg 679w, https:\/\/abencerrajes.com\/wp-content\/uploads\/2017\/05\/1982-ALARDO-300x222.jpg 300w\" sizes=\"(max-width: 679px) 100vw, 679px\" \/><\/p>\n<p>En el a\u00f1o del Capit\u00e1n de Santiago Guillen salio cerrando su boato, en una carroza que lleva encima un gran turbante.<\/p>\n<p>Adem\u00e1s Gonzalo Matarredona, gano el concurso de carteles de fiestas de los a\u00f1os 1955 y 1962.<\/p>\n<p>Joan Valls le dedico una composici\u00f3n po\u00e9tica y del cual sacamos estos p\u00e1rrafos:<\/p>\n<p>Sonaran aplaudiments quan vegan sobre el caball la figura sobirana del manific Capit\u00e1n.<\/p>\n<p>Home que a sentit la festa<\/p>\n<p>Em la massa de la sang.<\/p>\n<p>Home que ofrena el seu carrec Per devota voluntat.<\/p>\n<p>Siempre quedara en la memoria de los alcoyanos y sobre todo de los miembros de la Fila Abencerrajes esta maravillosa Capitan\u00eda y sobre todo nuestro querido Gonzalo Matarredona.<\/p>\n<p>En el a\u00f1o 1987 la Fil\u00e0 Abencerrajes ostent\u00f3 el cargo de Escuadra del Mig.<\/p>\n<p><img loading=\"lazy\" class=\"aligncenter size-full wp-image-487\" src=\"https:\/\/abencerrajes.com\/wp-content\/uploads\/2017\/05\/1987-ESCUADRA.jpg\" alt=\"\" width=\"600\" height=\"314\" srcset=\"https:\/\/abencerrajes.com\/wp-content\/uploads\/2017\/05\/1987-ESCUADRA.jpg 600w, https:\/\/abencerrajes.com\/wp-content\/uploads\/2017\/05\/1987-ESCUADRA-300x157.jpg 300w\" sizes=\"(max-width: 600px) 100vw, 600px\" \/><\/p>\n<p><img loading=\"lazy\" class=\"aligncenter size-full wp-image-488\" src=\"https:\/\/abencerrajes.com\/wp-content\/uploads\/2017\/05\/1987-Reliquia-1987.jpg\" alt=\"\" width=\"359\" height=\"416\" srcset=\"https:\/\/abencerrajes.com\/wp-content\/uploads\/2017\/05\/1987-Reliquia-1987.jpg 359w, https:\/\/abencerrajes.com\/wp-content\/uploads\/2017\/05\/1987-Reliquia-1987-259x300.jpg 259w\" sizes=\"(max-width: 359px) 100vw, 359px\" \/><\/p>\n<p>En 1994, desempe\u00f1o el cargo de ALFEREZ: D. Francisco Pay\u00e1 Mart\u00ed.<\/p>\n<p><img loading=\"lazy\" class=\"aligncenter size-full wp-image-489\" src=\"https:\/\/abencerrajes.com\/wp-content\/uploads\/2017\/05\/1994.jpg\" alt=\"\" width=\"217\" height=\"400\" srcset=\"https:\/\/abencerrajes.com\/wp-content\/uploads\/2017\/05\/1994.jpg 217w, https:\/\/abencerrajes.com\/wp-content\/uploads\/2017\/05\/1994-163x300.jpg 163w\" sizes=\"(max-width: 217px) 100vw, 217px\" \/><\/p>\n<p>Coincidiendo al igual que en el a\u00f1o 1967 con el SANT JORDIET, que fue desempe\u00f1ado por Jorge Balaguer Catal\u00e1, Abencerraje infantil, que desempe\u00f1\u00f3 el cargo con sumo esmero.<\/p>\n<p><img loading=\"lazy\" class=\"aligncenter size-full wp-image-490\" src=\"https:\/\/abencerrajes.com\/wp-content\/uploads\/2017\/05\/1994b.jpg\" alt=\"\" width=\"308\" height=\"432\" srcset=\"https:\/\/abencerrajes.com\/wp-content\/uploads\/2017\/05\/1994b.jpg 308w, https:\/\/abencerrajes.com\/wp-content\/uploads\/2017\/05\/1994b-214x300.jpg 214w\" sizes=\"(max-width: 308px) 100vw, 308px\" \/><\/p>\n<p>El dise\u00f1o del traje del ALFEREZ, el de la favorita, la hija de Paco Pay\u00e1 la Srta. Estefan\u00eda Pay\u00e1 Guillem, el del rodella el hijo Quico Pay\u00e1 Guillem, el de los caballeros, la escuadra de esclavos, los trajes de acompa\u00f1antes y todo el boato en su conjunto fue realizaci\u00f3n del dise\u00f1ador y confeccionador Alejandro Soler. Menci\u00f3n especial merece el conjuntado desarrollo musical que tuvo la entrada de moros de los Abencerrajes, coordinada por el director de la Banda Primitiva Gregorio Casasempere Gisbert, que tuvo su inicio en la visita y concierto que desarrollaron los Abencerrajes en la vecina poblaci\u00f3n de L\u2019Adsubia, ruinas donde se cita que naci\u00f3 el caudillo AL-AZRACH, y que se realiz\u00f3 en el mes de noviembre.<\/p>\n<p>El dise\u00f1o del traje del SANT JORDIET fue obra de la madre del ni\u00f1o, Sara Catal\u00e1 Reig.<\/p>\n<p>El boato se inicia con la Her\u00e1ldica llevado por un Abencerraje montado a caballo y otros alrededor repartiendo una hojas detallando el argumento que van a ver a continuaci\u00f3n.<\/p>\n<p><img loading=\"lazy\" class=\"aligncenter size-full wp-image-491\" src=\"https:\/\/abencerrajes.com\/wp-content\/uploads\/2017\/05\/1991-ENTRADA.jpg\" alt=\"\" width=\"1056\" height=\"768\" srcset=\"https:\/\/abencerrajes.com\/wp-content\/uploads\/2017\/05\/1991-ENTRADA.jpg 1056w, https:\/\/abencerrajes.com\/wp-content\/uploads\/2017\/05\/1991-ENTRADA-300x218.jpg 300w, https:\/\/abencerrajes.com\/wp-content\/uploads\/2017\/05\/1991-ENTRADA-768x559.jpg 768w, https:\/\/abencerrajes.com\/wp-content\/uploads\/2017\/05\/1991-ENTRADA-1024x745.jpg 1024w\" sizes=\"(max-width: 1056px) 100vw, 1056px\" \/><\/p>\n<p>Abencerrajes de 4 en fondo, estandartes y gente llevando banderas dan paso a 6 personajes que visten su dise\u00f1o espacial con caballos.<\/p>\n<p>Un centinela situado en un minarete que es llevado por 12 servidores, el ballet de Ana Calvo con una composici\u00f3n origina de Gregorio Casasempere.<\/p>\n<p>La escuadra especial con trompas de elefantes, metales y pedrer\u00eda su maquillaje de fantas\u00eda con la Banda de Orcha interpretando la marcha Juanjo.<\/p>\n<p><img loading=\"lazy\" class=\"aligncenter size-full wp-image-492\" src=\"https:\/\/abencerrajes.com\/wp-content\/uploads\/2017\/05\/1994-ESCUADRA.jpg\" alt=\"\" width=\"731\" height=\"383\" srcset=\"https:\/\/abencerrajes.com\/wp-content\/uploads\/2017\/05\/1994-ESCUADRA.jpg 731w, https:\/\/abencerrajes.com\/wp-content\/uploads\/2017\/05\/1994-ESCUADRA-300x157.jpg 300w\" sizes=\"(max-width: 731px) 100vw, 731px\" \/><\/p>\n<p>A continuaci\u00f3n 8 moros repartiendo p\u00e9talos de flores, despu\u00e9s la carroza de la guardia personal, en total 12 que escoltan el estandarte de su se\u00f1or, llevan adem\u00e1s 4 enormes perros.<\/p>\n<p>Una monumental carroza que es tirada por un elefante y en ella van 2 moros colocados en la parte inferior, 1 cristiana cautiva, la rodella con su escudo y el Alf\u00e9rez que lleva cada uno, una paloma que sueltan a su llegada a la plaza le acompa\u00f1a la fafaria de Gori Casasempere con la composici\u00f3n Per L`Alfaris con la Xafiga de Muro.<\/p>\n<p>Las cr\u00f3nicas dicen que como siempre los Abencerrajes no han defraudado en esta Tarde de Abril.<\/p>\n<p>En 1995, desempe\u00f1o el cargo de CAPITAN: D. Santiago Guillem Mataix,<\/p>\n<p><img loading=\"lazy\" class=\"aligncenter size-full wp-image-493\" src=\"https:\/\/abencerrajes.com\/wp-content\/uploads\/2017\/05\/1995.jpg\" alt=\"\" width=\"248\" height=\"400\" srcset=\"https:\/\/abencerrajes.com\/wp-content\/uploads\/2017\/05\/1995.jpg 248w, https:\/\/abencerrajes.com\/wp-content\/uploads\/2017\/05\/1995-186x300.jpg 186w\" sizes=\"(max-width: 248px) 100vw, 248px\" \/><\/p>\n<p>Quien acompa\u00f1ado de toda, la ya numeros\u00edsima, corte de Abencerrajes desempe\u00f1\u00f3 el m\u00e1ximo cargo de las huestes moras con suma dignidad. Todos los dise\u00f1os fueron realizados al igual que el a\u00f1o anterior por el dise\u00f1ador Alejandro Soler.<\/p>\n<p>El boato ten\u00eda elegancia y originalidad<\/p>\n<p>La melod\u00eda Per Uzulu de Gori Casasempere suena desde el inicio con acompa\u00f1amiento estandartes y grupos de moros.<\/p>\n<p>Hay una torre de minarete y un muetzi que convoca a la oraci\u00f3n, con un grupo folkl\u00f3rico que ha venido de los Atlas marroqu\u00edes y que le dan un toque de colorido y de autenticidad del espect\u00e1culo acompa\u00f1ado por un coro que forman una bonita algarab\u00eda.<\/p>\n<p><img loading=\"lazy\" class=\"aligncenter size-full wp-image-494\" src=\"https:\/\/abencerrajes.com\/wp-content\/uploads\/2017\/05\/1995-ENTRADA.jpg\" alt=\"\" width=\"1792\" height=\"976\" srcset=\"https:\/\/abencerrajes.com\/wp-content\/uploads\/2017\/05\/1995-ENTRADA.jpg 1792w, https:\/\/abencerrajes.com\/wp-content\/uploads\/2017\/05\/1995-ENTRADA-300x163.jpg 300w, https:\/\/abencerrajes.com\/wp-content\/uploads\/2017\/05\/1995-ENTRADA-768x418.jpg 768w, https:\/\/abencerrajes.com\/wp-content\/uploads\/2017\/05\/1995-ENTRADA-1024x558.jpg 1024w\" sizes=\"(max-width: 1792px) 100vw, 1792px\" \/><\/p>\n<p>La carroza del Capit\u00e1n es llevada por 52 mujeres que tiran de unas largas cuerdas, al frente dos percusionistas con sus timbales, al lado del Capit\u00e1n la rodella que es su nieto Santiago y que lleva un atraje parecido a el.<\/p>\n<p>Baja con la composici\u00f3n Laor de Gori Casasempere con 150 m\u00fasicos.<\/p>\n<p>Un grupo de personajes ricamente engalanados representa las diferentes profesiones al servicio del Rey con sus parasoles detr\u00e1s las Banda de Benaguacil con un Mobles mes.<\/p>\n<p>Una plataforma con la Guardia que custodia al ballet de j\u00f3venes al ritmo de la marcha Anabel.<\/p>\n<p>Las nueras del Capit\u00e1n van en una carroza envuelta de moros.<\/p>\n<p>La escuadra de negros dise\u00f1ado por Jos\u00e9 Vicente Roman Franc\u00e9s y estrena marcha mora titulada Germans escrita por Pedro Estevan.<\/p>\n<p><img loading=\"lazy\" class=\"aligncenter size-full wp-image-495\" src=\"https:\/\/abencerrajes.com\/wp-content\/uploads\/2017\/05\/1995-ESCUADRA.jpg\" alt=\"\" width=\"600\" height=\"346\" srcset=\"https:\/\/abencerrajes.com\/wp-content\/uploads\/2017\/05\/1995-ESCUADRA.jpg 600w, https:\/\/abencerrajes.com\/wp-content\/uploads\/2017\/05\/1995-ESCUADRA-300x173.jpg 300w\" sizes=\"(max-width: 600px) 100vw, 600px\" \/><\/p>\n<p>El diario Informaci\u00f3n publica su cr\u00f3nica de nuestro Capit\u00e1n con estas frases:<\/p>\n<p>El traje riquisimo, sin ostentaci\u00f3n elegante y regio, moro rico, la carroza un goce a la vista, una escenograf\u00eda deslumbrante, favoritas, caballer\u00edas etc. complementan una Capitan\u00eda para guardar en el recuerdo.<\/p>\n<p><img loading=\"lazy\" class=\"aligncenter size-full wp-image-496\" src=\"https:\/\/abencerrajes.com\/wp-content\/uploads\/2017\/05\/1998-04-23-EstrenouniformesFesterosPrimitiva.jpg\" alt=\"\" width=\"3328\" height=\"1952\" srcset=\"https:\/\/abencerrajes.com\/wp-content\/uploads\/2017\/05\/1998-04-23-EstrenouniformesFesterosPrimitiva.jpg 3328w, https:\/\/abencerrajes.com\/wp-content\/uploads\/2017\/05\/1998-04-23-EstrenouniformesFesterosPrimitiva-300x176.jpg 300w, https:\/\/abencerrajes.com\/wp-content\/uploads\/2017\/05\/1998-04-23-EstrenouniformesFesterosPrimitiva-768x450.jpg 768w, https:\/\/abencerrajes.com\/wp-content\/uploads\/2017\/05\/1998-04-23-EstrenouniformesFesterosPrimitiva-1024x601.jpg 1024w\" sizes=\"(max-width: 3328px) 100vw, 3328px\" \/><\/p>\n<p>En el a\u00f1o 2001 la Fil\u00e0 Abencerrajes ostent\u00f3 el cargo de Escuadra del Mig.<\/p>\n<p><img loading=\"lazy\" class=\"aligncenter size-full wp-image-497\" src=\"https:\/\/abencerrajes.com\/wp-content\/uploads\/2017\/05\/2001-ESCUADRA.jpg\" alt=\"\" width=\"579\" height=\"465\" srcset=\"https:\/\/abencerrajes.com\/wp-content\/uploads\/2017\/05\/2001-ESCUADRA.jpg 579w, https:\/\/abencerrajes.com\/wp-content\/uploads\/2017\/05\/2001-ESCUADRA-300x241.jpg 300w\" sizes=\"(max-width: 579px) 100vw, 579px\" \/><\/p>\n<p><img loading=\"lazy\" class=\"aligncenter size-full wp-image-498\" src=\"https:\/\/abencerrajes.com\/wp-content\/uploads\/2017\/05\/2001-Reliquia.jpg\" alt=\"\" width=\"409\" height=\"538\" srcset=\"https:\/\/abencerrajes.com\/wp-content\/uploads\/2017\/05\/2001-Reliquia.jpg 409w, https:\/\/abencerrajes.com\/wp-content\/uploads\/2017\/05\/2001-Reliquia-228x300.jpg 228w\" sizes=\"(max-width: 409px) 100vw, 409px\" \/><\/p>\n<p>En el a\u00f1o 2002, la Fil\u00e0 Abencerrajes celebr\u00f3 el centenario de su fundaci\u00f3n.<\/p>\n<p><img loading=\"lazy\" class=\"aligncenter size-full wp-image-499\" src=\"https:\/\/abencerrajes.com\/wp-content\/uploads\/2017\/05\/2002-cuadrocastanyer.jpg\" alt=\"\" width=\"339\" height=\"367\" srcset=\"https:\/\/abencerrajes.com\/wp-content\/uploads\/2017\/05\/2002-cuadrocastanyer.jpg 339w, https:\/\/abencerrajes.com\/wp-content\/uploads\/2017\/05\/2002-cuadrocastanyer-277x300.jpg 277w\" sizes=\"(max-width: 339px) 100vw, 339px\" \/><\/p>\n<p><img loading=\"lazy\" class=\"aligncenter size-full wp-image-500\" src=\"https:\/\/abencerrajes.com\/wp-content\/uploads\/2017\/05\/cuadrocastaner.jpg\" alt=\"\" width=\"400\" height=\"737\" srcset=\"https:\/\/abencerrajes.com\/wp-content\/uploads\/2017\/05\/cuadrocastaner.jpg 400w, https:\/\/abencerrajes.com\/wp-content\/uploads\/2017\/05\/cuadrocastaner-163x300.jpg 163w\" sizes=\"(max-width: 400px) 100vw, 400px\" \/><\/p>\n<p><img loading=\"lazy\" class=\"aligncenter size-full wp-image-501\" src=\"https:\/\/abencerrajes.com\/wp-content\/uploads\/2017\/05\/2002-escuadraespecial.jpg\" alt=\"\" width=\"782\" height=\"432\" srcset=\"https:\/\/abencerrajes.com\/wp-content\/uploads\/2017\/05\/2002-escuadraespecial.jpg 782w, https:\/\/abencerrajes.com\/wp-content\/uploads\/2017\/05\/2002-escuadraespecial-300x166.jpg 300w, https:\/\/abencerrajes.com\/wp-content\/uploads\/2017\/05\/2002-escuadraespecial-768x424.jpg 768w\" sizes=\"(max-width: 782px) 100vw, 782px\" \/><\/p>\n<p><img loading=\"lazy\" class=\"aligncenter size-full wp-image-502\" src=\"https:\/\/abencerrajes.com\/wp-content\/uploads\/2017\/05\/2002-foto019.jpg\" alt=\"\" width=\"534\" height=\"382\" srcset=\"https:\/\/abencerrajes.com\/wp-content\/uploads\/2017\/05\/2002-foto019.jpg 534w, https:\/\/abencerrajes.com\/wp-content\/uploads\/2017\/05\/2002-foto019-300x215.jpg 300w\" sizes=\"(max-width: 534px) 100vw, 534px\" \/><\/p>\n<p>En 2008, desempe\u00f1o el cargo de AFEREZ: D. Jose Vicente Juan Perez.<\/p>\n<p><img loading=\"lazy\" class=\"aligncenter size-full wp-image-503\" src=\"https:\/\/abencerrajes.com\/wp-content\/uploads\/2017\/05\/2008.jpg\" alt=\"\" width=\"262\" height=\"448\" srcset=\"https:\/\/abencerrajes.com\/wp-content\/uploads\/2017\/05\/2008.jpg 262w, https:\/\/abencerrajes.com\/wp-content\/uploads\/2017\/05\/2008-175x300.jpg 175w\" sizes=\"(max-width: 262px) 100vw, 262px\" \/><\/p>\n<p>Elegido en la Asamblea del Mig A\u00f1y del 2006 de un sorteo de dos candidatos, con una antig\u00fcedad de 20 a\u00f1os en la Fila e hijo de una persona muy conocida en el mundo festero como es el de \u201carmas Tomas\u201d y por lo tanto el momento que Que mas le gusta de estos d\u00edas es el Encaro.<\/p>\n<p>El boato es dirigido por la propia Fila con la estimable ayuda de Estanislao Casabuena en la puesta en escena, los trajes inspirados en libros de \u00e9poca han sido retocados por David LLorens y la ayuda impagable de la madre de Estanis Amparo.<\/p>\n<p><img loading=\"lazy\" class=\"aligncenter size-full wp-image-504\" src=\"https:\/\/abencerrajes.com\/wp-content\/uploads\/2017\/05\/2008-ENTRADA.jpg\" alt=\"\" width=\"640\" height=\"464\" srcset=\"https:\/\/abencerrajes.com\/wp-content\/uploads\/2017\/05\/2008-ENTRADA.jpg 640w, https:\/\/abencerrajes.com\/wp-content\/uploads\/2017\/05\/2008-ENTRADA-300x218.jpg 300w\" sizes=\"(max-width: 640px) 100vw, 640px\" \/><\/p>\n<p>Exploradores, escribanos, uno de ellos Javier Garc\u00eda una persona muy querida en la Fila, anotando en sus papiros toda la informaci\u00f3n que le pasaban, el grupo de la Herrer\u00eda con su fragua, de enorme preocupaci\u00f3n de la Junta y Asociaci\u00f3n por si el confeti que ca\u00eda, podr\u00eda provocar alg\u00fan conato de incendio, las carrozas con las lanzas, espadas, los bidones de agua, hacia que esto fuera aut\u00e9nticamente un paso por el desierto a la lucha por conquistar las tierras a su se\u00f1or, venia tambi\u00e9n la carroza de los m\u00e9dicos con sus instrumentos para reparar heridas con unos trajes en sinton\u00eda con lo que se pretend\u00eda.<\/p>\n<p>Los caballeros en dos plataformas unidas, con colores crema, con una cota de malla, metales en la pechera y espalda y con ellos el hijo del Alf\u00e9rez Jorge Juan. Nuestro Alf\u00e9rez se\u00f1orial de color blanco que en la tarde noche alcoyana daba un toque de luminosidad, su tunica bordada en hilo dorado.<\/p>\n<p>Metales en la cintura y hombros con malla debajo del traje, su capa destacaba una pieza de pelo blanco.<\/p>\n<p>No llevaba armas en las manos sino que estas las utilizaba para saludar a la gente que estaba entusiasmada con el espect\u00e1culo que estaba viendo, su carroza sencilla pero que hacia destacar su figura y la de todos los caballeros.<\/p>\n<p>La favorita, hija del Alf\u00e9rez acompa\u00f1ada de dos amigas y por toda la corte de damas, con un turbante en color crema y coronadas por grandes plumas, las favoritas eran autenticas princesas \u00e1rabes.<\/p>\n<p>El ballet de Ana Calvo con sus Gitanas del desierto, lleno de colorido, fusia, morado, verde, azul, negro hac\u00edan que cambiaran la tonalidad del Boato d\u00e1ndole un bonito contraste.<\/p>\n<p>El grupo Folclore \u201cLas flores del desierto\u201d con un original traje, con pa\u00f1uelos en tono plateados que llevaban en sus mu\u00f1ecas movi\u00e9ndole en un baile sugestivo y plenamente identificado con el ambiente, con su grupo de caballeros acompa\u00f1\u00e1ndolas.<\/p>\n<p>Todas las personas que compon\u00edan el boato llevaban faroles con velas encendidas que le daban en la casi oscuridad de la tarde un toque muy especial. Adem\u00e1s del maquillaje y la arena que se echaba, dando la sensaci\u00f3n de una traves\u00eda por el desierto llenos de polvo, cansados pero comprometidos con su Alf\u00e9rez.<\/p>\n<p>Fue una tarde que tanto disfruto los que participaban, como los que miraban y es que cuando se pone ilusi\u00f3n es las peque\u00f1as cosas est\u00e1n se trasforman en grandes y maravillosas causas.<\/p>\n<p>Menci\u00f3n especial hay que hacer a la escuadra de negros dise\u00f1ada por ellos mismos.<\/p>\n<p><img loading=\"lazy\" class=\"aligncenter size-full wp-image-505\" src=\"https:\/\/abencerrajes.com\/wp-content\/uploads\/2017\/05\/2008-ESCUADRA.jpg\" alt=\"\" width=\"703\" height=\"524\" srcset=\"https:\/\/abencerrajes.com\/wp-content\/uploads\/2017\/05\/2008-ESCUADRA.jpg 703w, https:\/\/abencerrajes.com\/wp-content\/uploads\/2017\/05\/2008-ESCUADRA-300x224.jpg 300w\" sizes=\"(max-width: 703px) 100vw, 703px\" \/><\/p>\n<p>El cabo batidor Rafael Molt\u00f2 consigui\u00f3 una de las mayores ovaciones del d\u00eda con su camello que solo le faltaba que hablara, y su escuadra perfecta como hacia a\u00f1os no se hab\u00eda visto algo igual.<\/p>\n<p>El traje combinando en Beige y verde, metales con el escudo, la originalidad del maquillaje con una capa larga en crema, un turbante con una originales rastas, completaron un gran Alf\u00e9rez 2.008.<\/p>\n<p><img loading=\"lazy\" class=\"aligncenter size-full wp-image-506\" src=\"https:\/\/abencerrajes.com\/wp-content\/uploads\/2017\/05\/2008b-ALARDO.jpg\" alt=\"\" width=\"2304\" height=\"1728\" srcset=\"https:\/\/abencerrajes.com\/wp-content\/uploads\/2017\/05\/2008b-ALARDO.jpg 2304w, https:\/\/abencerrajes.com\/wp-content\/uploads\/2017\/05\/2008b-ALARDO-300x225.jpg 300w, https:\/\/abencerrajes.com\/wp-content\/uploads\/2017\/05\/2008b-ALARDO-768x576.jpg 768w, https:\/\/abencerrajes.com\/wp-content\/uploads\/2017\/05\/2008b-ALARDO-1024x768.jpg 1024w\" sizes=\"(max-width: 2304px) 100vw, 2304px\" \/><\/p>\n<p>En 2009 desempe\u00f1o el cargo de CAPITAN: D. Antonio Guillem Pic\u00f2.<\/p>\n<p>Ya han pasado 14 a\u00f1os desde que su padre Santiago Guillem, le dio el sable de su Capitan\u00eda, para que el ostentara el pr\u00f3ximo Capit\u00e1n, y aquella promesa ya se ha hecho realidad.<\/p>\n<p>Pero esta Capitan\u00eda no solo es el homenaje a un gran hombre y comprometido fester Santiago, sino a todos los cargos que a tenido la Fila desde su fundaci\u00f3n, ese es el motivo central del boato de esta Capitan\u00eda.<\/p>\n<p>Los actos comienzan el mismo d\u00eda de la Dina con una Batucada recorriendo las calles de Alcoy.<\/p>\n<p>El d\u00eda 22 de Noviembre en el Restaurante La Monta\u00f1a se invita a una comida a todos los cargos que han representado a nuestra Fila y por desgracia algunos ya no est\u00e1n con nosotros, vienen en representaci\u00f3n de ellos 2 familiares por cargo. El acto fue muy entra\u00f1able y emotivo en el tomo la palabra nuestro Toni Guill\u00e9n para ofrecer la Capitan\u00eda a todos ellos, a lo que le fue respondido con un cari\u00f1oso agradecimiento por parte de asistentes.<\/p>\n<p>Y en nombre de la Junta quer\u00edamos que sintieran el cari\u00f1o y reconocimiento de su Fila y de nuestro Capit\u00e1n que les profesamos al que fue Bisabuelo, Abuelo, Padre e hijo de esta gran familia Abencerrajes.<\/p>\n<p>Se le ense\u00f1o una muestra de los cuadros que saldr\u00edan en l`entra a si como los trajes de los portadores, para que fueran ellos los primeros en elegirlo y que adem\u00e1s pens\u00e1bamos que seria un orgullo para ellos, llevar en andas a ser querido.<\/p>\n<p>El d\u00eda 28 de Noviembre fue la presentaci\u00f3n Oficial de los trajes que saldr\u00edan en el Boato, dise\u00f1ado por Jos\u00e9 Mohi\u00f1a en el Teatro Salesiano, con un \u00e9xito de p\u00fablico y de satisfacion hacia los trajes presentados.<\/p>\n<p>El d\u00eda 28 de Marzo se realiza un concierto en el Teatro Salesianos, donde se presenta la obra especialmente compuesta para ser interpretada en l`Entra, que lleva por titulo \u201cSantiago Guillen Capit\u00e1n Abencerraje\u201d dirigida por Sa\u00fal G\u00f3mez Soler, con la Banda de Albaida, coros y el Ballet de Inma Cortes.<\/p>\n<p>Los beneficios del concierto de donan a las siguientes entidades:<\/p>\n<p>Hogar Infantil de Alcoy, Gormaget, Asociaci\u00f3n de Alzaimen de Alcoy y el Hogar de San Jos\u00e9.<\/p>\n<p>Una vez finalizado el concierto el Capit\u00e1n invita a todos los espectadores que han asistido al concierto a un vino de honor en los Salones de la Universidad.<\/p>\n<p>El concierto fue una grata sorpresa y en esos momentos todos los Abencerrajes que est\u00e1bamos presentes, no cab\u00eda ninguna duda de que seria un gran Capitan\u00eda.<\/p>\n<p>Y llego el gran d\u00eda, otra vez la duda corr\u00eda por Alcoy, si la crisis har\u00eda mella en los Boatos, y los Abencerrajes y nuestro Capit\u00e1n demostraron que no, cerca de 1.700,- personas participaron, y alrededor del Capit\u00e1n iban 19 grupo corales que vinieron de toda la Comunidad Valenciana, 3 grupo de percusi\u00f3n, 2 bandas de m\u00fasica, 10 directores de Orquesta dirigidos y coordinados por Sa\u00fal G\u00f3mez, aparte los Ballet de Inma Cortes y Ana Calvo, 19 caballeros, La Guardia y las Damas de la guardia.<\/p>\n<p><img loading=\"lazy\" class=\"aligncenter size-full wp-image-507\" src=\"https:\/\/abencerrajes.com\/wp-content\/uploads\/2017\/05\/2009-DSC00471.jpg\" alt=\"\" width=\"1024\" height=\"768\" srcset=\"https:\/\/abencerrajes.com\/wp-content\/uploads\/2017\/05\/2009-DSC00471.jpg 1024w, https:\/\/abencerrajes.com\/wp-content\/uploads\/2017\/05\/2009-DSC00471-300x225.jpg 300w, https:\/\/abencerrajes.com\/wp-content\/uploads\/2017\/05\/2009-DSC00471-768x576.jpg 768w\" sizes=\"(max-width: 1024px) 100vw, 1024px\" \/><\/p>\n<p>Toni subido en una carroza espectacular formada por cuerpos de madera que representaba a sus caballeros en color dorado, el con un traje dise\u00f1ado por Jos\u00e9 Mohi\u00f1a e inspirado en la lejana Persia, en sus hombros se pod\u00eda ver dos cabezas de Le\u00f3n y unas alas en su pecho, mezcla de pieles en tonos marrones y pantal\u00f3n en tela, un lujoso turbante de su padre, y otro casco puntiagudo presidido por una pluma, en la cabeza un aro o corona, los brazos descubiertos llenos de tatuajes acompa\u00f1ado por su sobrina Mar\u00eda Berenguer.<\/p>\n<p><img loading=\"lazy\" class=\"aligncenter size-full wp-image-510\" src=\"https:\/\/abencerrajes.com\/wp-content\/uploads\/2017\/05\/foto018.jpg\" alt=\"\" width=\"1024\" height=\"768\" srcset=\"https:\/\/abencerrajes.com\/wp-content\/uploads\/2017\/05\/foto018.jpg 1024w, https:\/\/abencerrajes.com\/wp-content\/uploads\/2017\/05\/foto018-300x225.jpg 300w, https:\/\/abencerrajes.com\/wp-content\/uploads\/2017\/05\/foto018-768x576.jpg 768w\" sizes=\"(max-width: 1024px) 100vw, 1024px\" \/><\/p>\n<p>Las Favoritas sus Hijas Mar\u00eda y Cristina en 2 alt\u00edsimas carrozas en forma de dos espectaculares elefantes dorados con telas y tules igual que ellas Mar\u00eda en Azul y negro y Cristina en blanco marfil.<\/p>\n<p>La escuadra de negros espectacular con un colorido amarillo, el casco con plumas, colmillos y bolas verdes, con pieles de tigre y cuero.<\/p>\n<p>El bander\u00edn con dos individuos en camello, los porteadores de cuadros, la escuadra, las cautivas armenias, odalesques,Vosg-es, esclavas zul\u00faes, escolta de las Favoritas, ename Kai, y el resto de la Fila hicieron que en 55 minutos, un tiempo record, saliera una Capitan\u00eda dif\u00edcil de olvidar.<\/p>\n<p>Ver la sonrisa de Toni, sus hijas y la cara de asombro de los coros viendo como los balcones se hinchaban a aplaudir es cosa \u00fanica, solo Alcoy es capaz de transmitir esta magia.<\/p>\n<p><img loading=\"lazy\" class=\"aligncenter size-full wp-image-509\" src=\"https:\/\/abencerrajes.com\/wp-content\/uploads\/2017\/05\/2009-ESCUADRA.jpg\" alt=\"\" width=\"884\" height=\"624\" srcset=\"https:\/\/abencerrajes.com\/wp-content\/uploads\/2017\/05\/2009-ESCUADRA.jpg 884w, https:\/\/abencerrajes.com\/wp-content\/uploads\/2017\/05\/2009-ESCUADRA-300x212.jpg 300w, https:\/\/abencerrajes.com\/wp-content\/uploads\/2017\/05\/2009-ESCUADRA-768x542.jpg 768w\" sizes=\"(max-width: 884px) 100vw, 884px\" \/><\/p>\n<p>Hay un hecho muy emotivo y que resume esta Capitan\u00eda es cuando Toni se encuentra a la entrada de la plaza y el cuadro del dibujo de su padre esta a punto de salir, Toni le ofrece la espada, a continuaci\u00f3n la besa y la se\u00f1ala hacia su padre, es un momento muy especial, se encuentran dos grand\u00edsimos Capitanes que esta fila a tenido el orgullo de participar con ellos.<\/p>\n<p><img loading=\"lazy\" class=\"aligncenter size-full wp-image-508\" src=\"https:\/\/abencerrajes.com\/wp-content\/uploads\/2017\/05\/foto008.jpg\" alt=\"\" width=\"682\" height=\"1024\" srcset=\"https:\/\/abencerrajes.com\/wp-content\/uploads\/2017\/05\/foto008.jpg 682w, https:\/\/abencerrajes.com\/wp-content\/uploads\/2017\/05\/foto008-200x300.jpg 200w\" sizes=\"(max-width: 682px) 100vw, 682px\" \/><\/p>\n<p><img loading=\"lazy\" class=\"size-full wp-image-521\" src=\"https:\/\/abencerrajes.com\/wp-content\/uploads\/2017\/05\/2009d-ALARDO.jpg\" alt=\"\" width=\"1024\" height=\"683\" srcset=\"https:\/\/abencerrajes.com\/wp-content\/uploads\/2017\/05\/2009d-ALARDO.jpg 1024w, https:\/\/abencerrajes.com\/wp-content\/uploads\/2017\/05\/2009d-ALARDO-300x200.jpg 300w, https:\/\/abencerrajes.com\/wp-content\/uploads\/2017\/05\/2009d-ALARDO-768x512.jpg 768w\" sizes=\"(max-width: 1024px) 100vw, 1024px\" \/><\/p>\n<p>En el a\u00f1o 2010, la Fil\u00e0 Abencerrajes aprob\u00f3 su nuevo dise\u00f1o femenino.<\/p>\n<p><img loading=\"lazy\" class=\"aligncenter size-full wp-image-511\" src=\"https:\/\/abencerrajes.com\/wp-content\/uploads\/2017\/05\/CIMG0003-591x1024.jpg\" alt=\"\" width=\"591\" height=\"1024\" srcset=\"https:\/\/abencerrajes.com\/wp-content\/uploads\/2017\/05\/CIMG0003-591x1024.jpg 591w, https:\/\/abencerrajes.com\/wp-content\/uploads\/2017\/05\/CIMG0003-591x1024-173x300.jpg 173w\" sizes=\"(max-width: 591px) 100vw, 591px\" \/><\/p>\n<p><img loading=\"lazy\" class=\"aligncenter size-full wp-image-512\" src=\"https:\/\/abencerrajes.com\/wp-content\/uploads\/2017\/05\/345-1024x682.jpg\" alt=\"\" width=\"1024\" height=\"682\" srcset=\"https:\/\/abencerrajes.com\/wp-content\/uploads\/2017\/05\/345-1024x682.jpg 1024w, https:\/\/abencerrajes.com\/wp-content\/uploads\/2017\/05\/345-1024x682-300x200.jpg 300w, https:\/\/abencerrajes.com\/wp-content\/uploads\/2017\/05\/345-1024x682-768x512.jpg 768w\" sizes=\"(max-width: 1024px) 100vw, 1024px\" \/><\/p>\n<p>En el a\u00f1o 2014, la Fil\u00e0 Abencerrajes celebr\u00f3 el centenario de su marcha L\u2019Entr\u00e0 dels Moros, con una escuadra especial conmemorativa de la \u00e9poca.<\/p>\n<p><img loading=\"lazy\" class=\"aligncenter size-full wp-image-513\" src=\"https:\/\/abencerrajes.com\/wp-content\/uploads\/2017\/05\/278-1024x682.jpg\" alt=\"\" width=\"1024\" height=\"682\" srcset=\"https:\/\/abencerrajes.com\/wp-content\/uploads\/2017\/05\/278-1024x682.jpg 1024w, https:\/\/abencerrajes.com\/wp-content\/uploads\/2017\/05\/278-1024x682-300x200.jpg 300w, https:\/\/abencerrajes.com\/wp-content\/uploads\/2017\/05\/278-1024x682-768x512.jpg 768w\" sizes=\"(max-width: 1024px) 100vw, 1024px\" \/><\/p>\n<p><img loading=\"lazy\" class=\"aligncenter size-full wp-image-514\" src=\"https:\/\/abencerrajes.com\/wp-content\/uploads\/2017\/05\/293-1024x682.jpg\" alt=\"\" width=\"1024\" height=\"682\" srcset=\"https:\/\/abencerrajes.com\/wp-content\/uploads\/2017\/05\/293-1024x682.jpg 1024w, https:\/\/abencerrajes.com\/wp-content\/uploads\/2017\/05\/293-1024x682-300x200.jpg 300w, https:\/\/abencerrajes.com\/wp-content\/uploads\/2017\/05\/293-1024x682-768x512.jpg 768w\" sizes=\"(max-width: 1024px) 100vw, 1024px\" \/><\/p>\n<p>El 5 de Enero de 2015, la Fil\u00e0 Abencerrajes tuvo el honor de acompa\u00f1ar al Rey Baltasar en la Cabalgata por las calles de Alcoy.<\/p>\n<p><img loading=\"lazy\" class=\"aligncenter size-full wp-image-515\" src=\"https:\/\/abencerrajes.com\/wp-content\/uploads\/2017\/05\/DSC8306-1024x683.jpg\" alt=\"\" width=\"1024\" height=\"683\" srcset=\"https:\/\/abencerrajes.com\/wp-content\/uploads\/2017\/05\/DSC8306-1024x683.jpg 1024w, https:\/\/abencerrajes.com\/wp-content\/uploads\/2017\/05\/DSC8306-1024x683-300x200.jpg 300w, https:\/\/abencerrajes.com\/wp-content\/uploads\/2017\/05\/DSC8306-1024x683-768x512.jpg 768w\" sizes=\"(max-width: 1024px) 100vw, 1024px\" \/><\/p>\n<p>En el a\u00f1o 2015 la Fil\u00e0 Abencerrajes ostent\u00f3 el cargo de Escuadra del Mig.<\/p>\n<p><img loading=\"lazy\" class=\"aligncenter size-full wp-image-516\" src=\"https:\/\/abencerrajes.com\/wp-content\/uploads\/2017\/05\/IMG_0279.jpg\" alt=\"\" width=\"1000\" height=\"667\" srcset=\"https:\/\/abencerrajes.com\/wp-content\/uploads\/2017\/05\/IMG_0279.jpg 1000w, https:\/\/abencerrajes.com\/wp-content\/uploads\/2017\/05\/IMG_0279-300x200.jpg 300w, https:\/\/abencerrajes.com\/wp-content\/uploads\/2017\/05\/IMG_0279-768x512.jpg 768w\" sizes=\"(max-width: 1000px) 100vw, 1000px\" \/><\/p>\n<p>Epilogo:<\/p>\n<p>En la convivencia de la Fil\u00e1 no se ha dejado de percibir el isocronismo de los a\u00f1os, ha pasado m\u00e1s de un siglo y seguimos con el mismo esp\u00edritu que nuestros fundadores.<\/p>\n<p>Sin duda los nuevos acontecimientos, seguir\u00e1n la trayectoria de los anteriores, y aumentando mas todav\u00eda por el entusiasmo que le dota los elementos personales de cada uno.<\/p>\n<p><img loading=\"lazy\" class=\"aligncenter size-full wp-image-517\" src=\"https:\/\/abencerrajes.com\/wp-content\/uploads\/2017\/05\/2016-PSTFOTOGRAFIA-230416-002.jpg\" alt=\"\" width=\"3000\" height=\"2003\" srcset=\"https:\/\/abencerrajes.com\/wp-content\/uploads\/2017\/05\/2016-PSTFOTOGRAFIA-230416-002.jpg 3000w, https:\/\/abencerrajes.com\/wp-content\/uploads\/2017\/05\/2016-PSTFOTOGRAFIA-230416-002-300x200.jpg 300w, https:\/\/abencerrajes.com\/wp-content\/uploads\/2017\/05\/2016-PSTFOTOGRAFIA-230416-002-768x513.jpg 768w, https:\/\/abencerrajes.com\/wp-content\/uploads\/2017\/05\/2016-PSTFOTOGRAFIA-230416-002-1024x684.jpg 1024w\" sizes=\"(max-width: 3000px) 100vw, 3000px\" \/><\/p>\n<p>Si por ventura Aben-Hamet, \u00abel \u00faltimo Abencerraje\u00bb que sali\u00f3 de Granada, hubiese sido infiel a su religi\u00f3n para merecer la mano de do\u00f1a Blanca de Vivar, a cuya doncella am\u00f3, m\u00e1s que a la gloria y menos que al honor, y hubiese recibido su fe y su amor al pie del altar de los cristianos, a buen seguro que al paso de los siglos alg\u00fan var\u00f3n de la descendencia de ambos, habr\u00eda optado, al conocerlas, por departir las \u00abFiestas Alcoyanas\u00bb con quienes tomaron el nombre, para ellas, de la poderosa familia de los ABENCERRAJES.<\/p>\n<p><img loading=\"lazy\" class=\"aligncenter size-full wp-image-518\" src=\"https:\/\/abencerrajes.com\/wp-content\/uploads\/2017\/05\/2016-PSTFOTOGRAFIA-230416-006B.jpg\" alt=\"\" width=\"3000\" height=\"1787\" srcset=\"https:\/\/abencerrajes.com\/wp-content\/uploads\/2017\/05\/2016-PSTFOTOGRAFIA-230416-006B.jpg 3000w, https:\/\/abencerrajes.com\/wp-content\/uploads\/2017\/05\/2016-PSTFOTOGRAFIA-230416-006B-300x179.jpg 300w, https:\/\/abencerrajes.com\/wp-content\/uploads\/2017\/05\/2016-PSTFOTOGRAFIA-230416-006B-768x457.jpg 768w, https:\/\/abencerrajes.com\/wp-content\/uploads\/2017\/05\/2016-PSTFOTOGRAFIA-230416-006B-1024x610.jpg 1024w\" sizes=\"(max-width: 3000px) 100vw, 3000px\" \/><\/p>\n<p>La fidelidad, creencias y el amor a nuestra Tierra y con nuestro cari\u00f1o a nuestros antepasados hace y har\u00e1n que siempre perdure como una gran Familia nuestra Fila Abencerrajes.<\/p>\n<p>Hemos pasado, Alf\u00e9rez y Capit\u00e1n y toda la Fila debe sentirse muy orgullosa por dos cosas:<\/p>\n<p>1,- Del resultado, han sido esplendidos los Boatos y los cargos, la puntualidad y el orden.<\/p>\n<p>2,- Cooperaci\u00f3n demostrada de todos y cada uno de los individuos Abencerrajes Cuando se les pide colaboraci\u00f3n la tenemos, al m\u00e1ximo.<\/p>\n<p>Que toda la gente que ha pertenecido a esta Fila nos siga guiando en esta tradici\u00f3n y que nosotros estemos siempre agradecidos a todos ellos.<\/p>\n<p>Que sirvan estas letras que hemos escrito como homenaje a ellos y que sepamos del esfuerzo que ha supuesto estos a\u00f1os conseguir lo que ahora estamos disfrutando.<\/p>\n<p>Alcoy Mayo 2016<\/p>\n<p><img loading=\"lazy\" class=\"aligncenter size-full wp-image-519\" src=\"https:\/\/abencerrajes.com\/wp-content\/uploads\/2017\/05\/2016PSTFOTOGRAFIA-230416-010-1.jpg\" alt=\"\" width=\"3000\" height=\"1949\" srcset=\"https:\/\/abencerrajes.com\/wp-content\/uploads\/2017\/05\/2016PSTFOTOGRAFIA-230416-010-1.jpg 3000w, https:\/\/abencerrajes.com\/wp-content\/uploads\/2017\/05\/2016PSTFOTOGRAFIA-230416-010-1-300x195.jpg 300w, https:\/\/abencerrajes.com\/wp-content\/uploads\/2017\/05\/2016PSTFOTOGRAFIA-230416-010-1-768x499.jpg 768w, https:\/\/abencerrajes.com\/wp-content\/uploads\/2017\/05\/2016PSTFOTOGRAFIA-230416-010-1-1024x665.jpg 1024w\" sizes=\"(max-width: 3000px) 100vw, 3000px\" \/><\/p>\n<p>Indalecio Carbonell Pastor. Pedro L. Estevan Molt\u00f2. Mauro Solbes Ferri.<\/p>\n","protected":false},"excerpt":{"rendered":"<p>HISTORIA DE LA FIL\u00c0 ABENCERRAJES Esta historia, aunque refleje hechos, causas y cosas sin transcendencia valorable, es de recomendable narraci\u00f3n, siquiera para que las generaciones venideras oteen el pasado y que forma, el presente que ahora mismo disfrutamos y en el futuro; que vean los esfuerzos y sacrificios que han hecho todas las personas que&hellip; <a class=\"read-more-link\" href=\"https:\/\/abencerrajes.com\/?page_id=54\">Leer M\u00e1s<\/a><\/p>\n","protected":false},"author":1,"featured_media":0,"parent":0,"menu_order":0,"comment_status":"closed","ping_status":"closed","template":"","meta":{"_exactmetrics_skip_tracking":false,"_exactmetrics_sitenote_active":false,"_exactmetrics_sitenote_note":"","_exactmetrics_sitenote_category":0,"jetpack_post_was_ever_published":false},"jetpack_sharing_enabled":true,"jetpack_shortlink":"https:\/\/wp.me\/P8IL24-S","_links":{"self":[{"href":"https:\/\/abencerrajes.com\/index.php?rest_route=\/wp\/v2\/pages\/54"}],"collection":[{"href":"https:\/\/abencerrajes.com\/index.php?rest_route=\/wp\/v2\/pages"}],"about":[{"href":"https:\/\/abencerrajes.com\/index.php?rest_route=\/wp\/v2\/types\/page"}],"author":[{"embeddable":true,"href":"https:\/\/abencerrajes.com\/index.php?rest_route=\/wp\/v2\/users\/1"}],"replies":[{"embeddable":true,"href":"https:\/\/abencerrajes.com\/index.php?rest_route=%2Fwp%2Fv2%2Fcomments&post=54"}],"version-history":[{"count":4,"href":"https:\/\/abencerrajes.com\/index.php?rest_route=\/wp\/v2\/pages\/54\/revisions"}],"predecessor-version":[{"id":523,"href":"https:\/\/abencerrajes.com\/index.php?rest_route=\/wp\/v2\/pages\/54\/revisions\/523"}],"wp:attachment":[{"href":"https:\/\/abencerrajes.com\/index.php?rest_route=%2Fwp%2Fv2%2Fmedia&parent=54"}],"curies":[{"name":"wp","href":"https:\/\/api.w.org\/{rel}","templated":true}]}}