{"id":535,"date":"2017-05-15T17:40:10","date_gmt":"2017-05-15T17:40:10","guid":{"rendered":"http:\/\/abencerrajes.com\/?page_id=535"},"modified":"2017-05-15T17:40:10","modified_gmt":"2017-05-15T17:40:10","slug":"musica","status":"publish","type":"page","link":"https:\/\/abencerrajes.com\/?page_id=535","title":{"rendered":"M\u00fasica"},"content":{"rendered":"<p><strong>MARCHAS IDENTIFICATORIAS DE LA FIL\u00c0 ABENCERRAJES<\/strong><\/p>\n<p><img loading=\"lazy\" class=\"aligncenter size-full wp-image-519\" src=\"https:\/\/abencerrajes.com\/wp-content\/uploads\/2017\/05\/2016PSTFOTOGRAFIA-230416-010-1.jpg\" alt=\"\" width=\"3000\" height=\"1949\" srcset=\"https:\/\/abencerrajes.com\/wp-content\/uploads\/2017\/05\/2016PSTFOTOGRAFIA-230416-010-1.jpg 3000w, https:\/\/abencerrajes.com\/wp-content\/uploads\/2017\/05\/2016PSTFOTOGRAFIA-230416-010-1-300x195.jpg 300w, https:\/\/abencerrajes.com\/wp-content\/uploads\/2017\/05\/2016PSTFOTOGRAFIA-230416-010-1-768x499.jpg 768w, https:\/\/abencerrajes.com\/wp-content\/uploads\/2017\/05\/2016PSTFOTOGRAFIA-230416-010-1-1024x665.jpg 1024w\" sizes=\"(max-width: 3000px) 100vw, 3000px\" \/><\/p>\n<p>-Uzul M\u2019Selmein. L\u2019Entr\u00e0 dels Moros. Camilo P\u00e9rez Monllor.<\/p>\n<p><a href=\"https:\/\/abencerrajes.com\/wp-content\/uploads\/2017\/05\/02-l-entra-dels-moros.mp3\">Descargar mp3<\/a><\/p>\n<p>-Abencerrajes. Tarde de Abril. Amando Blanquer Ponsoda. 1957.<\/p>\n<p><a href=\"https:\/\/abencerrajes.com\/wp-content\/uploads\/2017\/05\/03-abencerrajes.-tarde-de-abril.mp3\">Descargar mp3<\/a><\/p>\n<p>-Llaor. Gregorio Casasempere, dedicada a Santiago Guillem Mataix. 1995.<\/p>\n<p><a href=\"https:\/\/abencerrajes.com\/wp-content\/uploads\/2017\/05\/Llaor.mp3\">Descargar mp3<\/a><\/p>\n<p>-El Desgavellat. Julio Laporta Hell\u00edn. 1927.<\/p>\n<p><a href=\"https:\/\/abencerrajes.com\/wp-content\/uploads\/2017\/05\/desgavellat.mp3\">Descargar mp3<\/a><\/p>\n<p>-Remigiet. Julio Laporta Hell\u00edn, dedicado a Remigo Cremades Dom\u00e9nech.<\/p>\n<p><a href=\"https:\/\/abencerrajes.com\/wp-content\/uploads\/2017\/05\/remigiet.mp3\">Descargar mp3<\/a><\/p>\n<p>-Abencerrajes baix la Figuera.<\/p>\n<p><a href=\"https:\/\/abencerrajes.com\/wp-content\/uploads\/2017\/05\/baix-la-figuera.mp3\">Descargar mp3<\/a><\/p>\n<p>-El Petit Souet. Evaristo P\u00e9rez Monllor. 1926.<\/p>\n<p><a href=\"https:\/\/abencerrajes.com\/wp-content\/uploads\/2017\/05\/el-petit-souet.mp3\">Descargar mp3<\/a><\/p>\n<p>-Doctor Berenguer.<\/p>\n<p><a href=\"https:\/\/abencerrajes.com\/wp-content\/uploads\/2017\/05\/doctor-berenguer.mp3\">Descargar mp3<\/a><\/p>\n<p>-El Cad\u00ed Ben Il Sou. Camilo P\u00e9rez Monllor, dedicado a Francisco P\u00e9rez Torres \u201cPaco Sou\u201d. 1941.<\/p>\n<p><a href=\"https:\/\/abencerrajes.com\/wp-content\/uploads\/2017\/05\/el-cadi.mp3\">Descargar mp3<\/a><\/p>\n<p>-El Turista. Evaristo P\u00e9rez Monllor, dedicado a Francisco P\u00e9rez Torres \u201cPaco Sou\u201d. 1911.<\/p>\n<p><a href=\"https:\/\/abencerrajes.com\/wp-content\/uploads\/2017\/05\/turista.mp3\">Descargar mp3<\/a><\/p>\n<p>-Un Moble Mes. Julio Laporta Hell\u00edn, dedicado a Francisco Molt\u00f3 Aznar \u201cEl Pansit\u201d. 1928.<\/p>\n<p><a href=\"https:\/\/abencerrajes.com\/wp-content\/uploads\/2017\/05\/un-moble-mes.mp3\">Descargar mp3<\/a><\/p>\n<p>-Moros i Cristians. Camilo P\u00e9rez Monllor, dedicada a Francisco Blanes \u201cQuico l\u2019Alt\u201d. 1935.<\/p>\n<p><a href=\"https:\/\/abencerrajes.com\/wp-content\/uploads\/2017\/05\/moros-i-cristians.mp3\">Descargar mp3<\/a><\/p>\n<p>-Any d\u2019Alferes. Amando Blanquer Ponsoda. 1967.<\/p>\n<p><a href=\"https:\/\/abencerrajes.com\/wp-content\/uploads\/2017\/05\/any-dalferes.mp3\">Descargar mp3<\/a><\/p>\n<p>-Abencerrajes i Cegr\u00edes. Gonzalo Blanes Colomer, dedicada a Indalecio Carbonell. 1947.<\/p>\n<p><a href=\"https:\/\/abencerrajes.com\/wp-content\/uploads\/2017\/05\/abencerrajes-y-cegries.mp3\">Descargar mp3<\/a><\/p>\n<p>-Santiago, Capit\u00e1n Abencerraje. Sa\u00fcl G\u00f3mez Soler, dedicada a Santiago Guillem. 2009.<\/p>\n<p><a href=\"https:\/\/abencerrajes.com\/wp-content\/uploads\/2017\/05\/01-Santiago-Capitan-Abencerraje.mp3\">Descargar mp3<\/a><\/p>\n<p>-Ana Mar\u00eda. Sa\u00fcl G\u00f3mez Soler. 2015.<\/p>\n<p><a href=\"https:\/\/abencerrajes.com\/wp-content\/uploads\/2017\/05\/anamaria.mp3\">Descargar mp3<\/a><\/p>\n","protected":false},"excerpt":{"rendered":"<p>MARCHAS IDENTIFICATORIAS DE LA FIL\u00c0 ABENCERRAJES -Uzul M\u2019Selmein. L\u2019Entr\u00e0 dels Moros. Camilo P\u00e9rez Monllor. Descargar mp3 -Abencerrajes. Tarde de Abril. Amando Blanquer Ponsoda. 1957. Descargar mp3 -Llaor. Gregorio Casasempere, dedicada a Santiago Guillem Mataix. 1995. Descargar mp3 -El Desgavellat. Julio Laporta Hell\u00edn. 1927. Descargar mp3 -Remigiet. Julio Laporta Hell\u00edn, dedicado a Remigo Cremades Dom\u00e9nech. Descargar&hellip; <a class=\"read-more-link\" href=\"https:\/\/abencerrajes.com\/?page_id=535\">Leer M\u00e1s<\/a><\/p>\n","protected":false},"author":1,"featured_media":0,"parent":0,"menu_order":0,"comment_status":"closed","ping_status":"closed","template":"","meta":{"_exactmetrics_skip_tracking":false,"_exactmetrics_sitenote_active":false,"_exactmetrics_sitenote_note":"","_exactmetrics_sitenote_category":0,"jetpack_post_was_ever_published":false},"jetpack_sharing_enabled":true,"jetpack_shortlink":"https:\/\/wp.me\/P8IL24-8D","_links":{"self":[{"href":"https:\/\/abencerrajes.com\/index.php?rest_route=\/wp\/v2\/pages\/535"}],"collection":[{"href":"https:\/\/abencerrajes.com\/index.php?rest_route=\/wp\/v2\/pages"}],"about":[{"href":"https:\/\/abencerrajes.com\/index.php?rest_route=\/wp\/v2\/types\/page"}],"author":[{"embeddable":true,"href":"https:\/\/abencerrajes.com\/index.php?rest_route=\/wp\/v2\/users\/1"}],"replies":[{"embeddable":true,"href":"https:\/\/abencerrajes.com\/index.php?rest_route=%2Fwp%2Fv2%2Fcomments&post=535"}],"version-history":[{"count":1,"href":"https:\/\/abencerrajes.com\/index.php?rest_route=\/wp\/v2\/pages\/535\/revisions"}],"predecessor-version":[{"id":554,"href":"https:\/\/abencerrajes.com\/index.php?rest_route=\/wp\/v2\/pages\/535\/revisions\/554"}],"wp:attachment":[{"href":"https:\/\/abencerrajes.com\/index.php?rest_route=%2Fwp%2Fv2%2Fmedia&parent=535"}],"curies":[{"name":"wp","href":"https:\/\/api.w.org\/{rel}","templated":true}]}}